{"id":35297,"date":"2022-02-15T10:28:16","date_gmt":"2022-02-15T09:28:16","guid":{"rendered":"https:\/\/myox.fit\/instituto-formacion\/"},"modified":"2023-12-23T17:17:40","modified_gmt":"2023-12-23T16:17:40","slug":"instituto-formacao","status":"publish","type":"page","link":"https:\/\/myox.fit\/pt\/instituto-formacao\/","title":{"rendered":"Instituto Myox"},"content":{"rendered":"\n\n\t<section class=\"section dark\" id=\"section_1370969521\">\n\t\t<div class=\"section-bg fill\" >\n\t\t\t\t\t\t\t\t\t<div class=\"section-bg-overlay absolute fill\"><\/div>\n\t\t\t\n\n\t\t<\/div>\n\n\t\t\n\n\t\t<div class=\"section-content relative\">\n\t\t\t\n\n<div class=\"row\"  id=\"row-1905068609\">\n\n\n\t<div id=\"col-385553184\" class=\"col medium-8 small-12 large-8\"  >\n\t\t\t\t<div class=\"col-inner\"  >\n\t\t\t\n\t\t\t\n\n\t<div id=\"text-3747417850\" class=\"text\">\n\t\t\n\n<h2><span style=\"color: #065487;\"><strong>O \u00fanico <span style=\"color: #148942;\">Instituto de Forma\u00e7\u00e3o Online<\/span> em Ci\u00eancias da Sa\u00fade e Desporto especializado em <span style=\"color: #148942;\">tecnologia aplicada ao Treino e \u00e0 Readapta\u00e7\u00e3o.<\/span><\/strong><\/span><\/h2>\n\t\t\n<style>\n#text-3747417850 {\n  font-size: 1.4rem;\n  line-height: 1.95;\n  color: rgb(6, 84, 135);\n}\n#text-3747417850 > * {\n  color: rgb(6, 84, 135);\n}\n<\/style>\n\t<\/div>\n\t\n\t<div id=\"text-460324400\" class=\"text\">\n\t\t\n\n<h1><span style=\"color: #148942; font-size: 1.125rem;\"><b>Cursos em Eletroestimula\u00e7\u00e3o Muscular, Pressoterapia e Terapia por Percuss\u00e3o.<\/b><\/span><\/h1>\n\t\t\n<style>\n#text-460324400 {\n  color: rgb(0,0,0);\n}\n#text-460324400 > * {\n  color: rgb(0,0,0);\n}\n<\/style>\n\t<\/div>\n\t\n\t<div id=\"text-2297293321\" class=\"text\">\n\t\t\n\n<p><strong>Uma marca fundada em 1998, que atualmente forma treinadores, preparadores f\u00edsicos, fisioterapeutas, kinesi\u00f3logos e professores de todo o mundo.<\/strong><\/p>\n<p><strong>Atualmente, o Myox Institute \u00e9 um referente internacional, reconhecido pela sua especialidade em mat\u00e9ria de Eletroestimula\u00e7\u00e3o Muscular.<\/strong><\/p>\n<p>Uma metodologia formativa ministrada, sempre, sob a dupla perspetiva de sa\u00fade e rendimento desportivo. E com o duplo objetivo, o profissional e o consumidor final.<\/p>\n\t\t\n<style>\n#text-2297293321 {\n  color: rgb(0,0,0);\n}\n#text-2297293321 > * {\n  color: rgb(0,0,0);\n}\n<\/style>\n\t<\/div>\n\t\n<a href=\"https:\/\/myox.fit\/formacion\/\" class=\"button primary box-shadow-4\" style=\"border-radius:90px;\">\n\t\t<span>VER TODOS OS CURSOS<\/span>\n\t<\/a>\n\n\n\n\t\t<\/div>\n\t\t\t\t\t<\/div>\n\n\t\n\n\t<div id=\"col-976858925\" class=\"col medium-4 small-12 large-4\"  >\n\t\t\t\t<div class=\"col-inner\"  >\n\t\t\t\n\t\t\t\n\n\t<div id=\"gap-1230000500\" class=\"gap-element clearfix\" style=\"display:block; height:auto;\">\n\t\t\n<style>\n#gap-1230000500 {\n  padding-top: 5px;\n}\n<\/style>\n\t<\/div>\n\t\n\n\t<div class=\"img has-hover x md-x lg-x y md-y lg-y\" id=\"image_375933749\">\n\t\t\t\t\t\t\t\t<div class=\"img-inner dark\" >\n\t\t\t<img loading=\"lazy\" decoding=\"async\" width=\"1000\" height=\"373\" src=\"https:\/\/myox.fit\/wp-content\/uploads\/2022\/02\/myox-institute-web.png\" class=\"attachment-large size-large\" alt=\"\" srcset=\"https:\/\/myox.fit\/wp-content\/uploads\/2022\/02\/myox-institute-web.png 1000w, https:\/\/myox.fit\/wp-content\/uploads\/2022\/02\/myox-institute-web-800x298.png 800w, https:\/\/myox.fit\/wp-content\/uploads\/2022\/02\/myox-institute-web-768x286.png 768w, https:\/\/myox.fit\/wp-content\/uploads\/2022\/02\/myox-institute-web-600x224.png 600w\" sizes=\"auto, (max-width: 1000px) 100vw, 1000px\" \/>\t\t\t\t\t\t\n\t\t\t\t\t<\/div>\n\t\t\t\t\t\t\t\t\n<style>\n#image_375933749 {\n  width: 100%;\n}\n<\/style>\n\t<\/div>\n\t\n\n\n\t\t<\/div>\n\t\t\t\t\t<\/div>\n\n\t\n\n<\/div>\n\n\t\t<\/div>\n\n\t\t\n<style>\n#section_1370969521 {\n  padding-top: 20px;\n  padding-bottom: 20px;\n}\n#section_1370969521 .section-bg-overlay {\n  background-color: rgb(255, 255, 255);\n}\n@media (min-width:550px) {\n  #section_1370969521 {\n    padding-top: 60px;\n    padding-bottom: 60px;\n  }\n}\n@media (min-width:850px) {\n  #section_1370969521 {\n    padding-top: 65px;\n    padding-bottom: 65px;\n  }\n}\n<\/style>\n\t<\/section>\n\t\n\n\t<section class=\"section\" id=\"section_1999424809\">\n\t\t<div class=\"section-bg fill\" >\n\t\t\t\t\t\t\t\t\t\n\t\t\t\n\n\t\t<\/div>\n\n\t\t\n\n\t\t<div class=\"section-content relative\">\n\t\t\t\n\n<div class=\"row\"  id=\"row-1734073799\">\n\n\n\t<div id=\"col-2034916604\" class=\"col small-12 large-12\"  >\n\t\t\t\t<div class=\"col-inner\"  >\n\t\t\t\n\t\t\t\n\n<div class=\"row row-small align-equal\"  id=\"row-2085145946\">\n\n\n\t<div id=\"col-935980961\" class=\"col medium-4 small-12 large-4\"  >\n\t\t\t\t<div class=\"col-inner\" style=\"background-color:rgba(0, 0, 0, 0);\" >\n\t\t\t\n\t\t\t\n\n\n\t\t<div class=\"icon-box featured-box icon-box-center text-center\"  >\n\t\t\t\t<div class=\"icon-box-text last-reset\">\n\t\t\t\t\t\t\t\t\t\n\n\t<div id=\"text-1653885170\" class=\"text\">\n\t\t\n\n<p style=\"color: #065487;\"><strong>\u2713 Forma\u00e7\u00e3o online<\/strong><\/p>\n<p>Os cursos online atrav\u00e9s da nossa <a href=\"https:\/\/myox.fit\/app\/\"><strong>app Myox<\/strong><\/a> permitiram-nos levar a nossa forma\u00e7\u00e3o a muitos lugares do mundo, interagir, partilhar e continuar a aprender junto a grandes profissionais que se est\u00e3o a formar com o <strong>Myox Institute.<\/strong><\/p>\n\t\t\n<style>\n#text-1653885170 {\n  text-align: left;\n}\n<\/style>\n\t<\/div>\n\t\n\n\t\t<\/div>\n\t<\/div>\n\t\n\t\n\n\t\t<\/div>\n\t\t\t\t\n<style>\n#col-935980961 > .col-inner {\n  padding: 0px 0px 0px 0px;\n  margin: 0px 0px -44px 0px;\n}\n<\/style>\n\t<\/div>\n\n\t\n\n\t<div id=\"col-1491150642\" class=\"col medium-4 small-12 large-4\"  >\n\t\t\t\t<div class=\"col-inner\" style=\"background-color:rgba(0, 0, 0, 0);\" >\n\t\t\t\n\t\t\t\n\n\n\t\t<div class=\"icon-box featured-box icon-box-center text-center\"  >\n\t\t\t\t<div class=\"icon-box-text last-reset\">\n\t\t\t\t\t\t\t\t\t\n\n\t<div id=\"text-2793665927\" class=\"text\">\n\t\t\n\n<p style=\"color: #065487;\"><strong>\u2713 Proximidade professor-aluno<\/strong><\/p>\n<p>A ess\u00eancia da qualidade formativa reside na qualidade dos conte\u00fados e na adequada intera\u00e7\u00e3o entre professor e aluno. Por isso, nas nossas forma\u00e7\u00f5es oferecemos um acompanhamento cont\u00ednuo atrav\u00e9s da pr\u00f3pria app, enriquecido com <strong>tutorias um a um, por videochamada.<\/strong><\/p>\n\t\t\n<style>\n#text-2793665927 {\n  text-align: left;\n}\n<\/style>\n\t<\/div>\n\t\n\n\t\t<\/div>\n\t<\/div>\n\t\n\t\n\n\t\t<\/div>\n\t\t\t\t\n<style>\n#col-1491150642 > .col-inner {\n  margin: 0px 0px -48px 0px;\n}\n<\/style>\n\t<\/div>\n\n\t\n\n\t<div id=\"col-1425919307\" class=\"col medium-4 small-12 large-4\"  >\n\t\t\t\t<div class=\"col-inner\" style=\"background-color:rgba(0, 0, 0, 0);\" >\n\t\t\t\n\t\t\t\n\n\n\t\t<div class=\"icon-box featured-box icon-box-center text-center\"  >\n\t\t\t\t<div class=\"icon-box-text last-reset\">\n\t\t\t\t\t\t\t\t\t\n\n\t<div id=\"text-3698058149\" class=\"text\">\n\t\t\n\n<p style=\"color: #065487;\"><strong>\u2713 Forma\u00e7\u00e3o te\u00f3rica-pr\u00e1tica<\/strong><\/p>\n<p>A fundamenta\u00e7\u00e3o te\u00f3rica dos conte\u00fados \u00e9 uma necessidade, mas oferecer-lhes um<strong> enfoque cr\u00edtico e com aplica\u00e7\u00e3o pr\u00e1tica<\/strong> \u00e9 o que lhes d\u00e1 vida e realidade a uma forma\u00e7\u00e3o. Por isso, em todos os nossos cursos s\u00e3o analisados <strong>casos reais.<\/strong><\/p>\n\t\t\n<style>\n#text-3698058149 {\n  text-align: left;\n}\n<\/style>\n\t<\/div>\n\t\n\n\t\t<\/div>\n\t<\/div>\n\t\n\t\n\n\t\t<\/div>\n\t\t\t\t\n<style>\n#col-1425919307 > .col-inner {\n  margin: 0px 0px -50px 0px;\n}\n<\/style>\n\t<\/div>\n\n\t\n\n\n<style>\n#row-2085145946 > .col > .col-inner {\n  padding: 40px 40px 50px 40px;\n  background-color: rgb(255,255,255);\n  border-radius: 15px;\n}\n@media (min-width:550px) {\n  #row-2085145946 > .col > .col-inner {\n    padding: 20px 20px 40px 20px;\n  }\n}\n@media (min-width:850px) {\n  #row-2085145946 > .col > .col-inner {\n    padding: 27px 20px 15px 20px;\n  }\n}\n<\/style>\n<\/div>\n\n\t\t<\/div>\n\t\t\t\t\t<\/div>\n\n\t\n\n<\/div>\n\n\t\t<\/div>\n\n\t\t\n<style>\n#section_1999424809 {\n  padding-top: 40px;\n  padding-bottom: 40px;\n  background-color: rgb(228, 228, 228);\n}\n@media (min-width:850px) {\n  #section_1999424809 {\n    padding-top: 31px;\n    padding-bottom: 31px;\n  }\n}\n<\/style>\n\t<\/section>\n\t\n\t<div id=\"gap-923370764\" class=\"gap-element clearfix\" style=\"display:block; height:auto;\">\n\t\t\n<style>\n#gap-923370764 {\n  padding-top: 47px;\n}\n<\/style>\n\t<\/div>\n\t\n\n<div class=\"row\"  id=\"row-528524040\">\n\n\n\t<div id=\"col-1291821432\" class=\"col small-12 large-12\"  >\n\t\t\t\t<div class=\"col-inner\"  >\n\t\t\t\n\t\t\t\n\n\t<div id=\"text-1587727573\" class=\"text\">\n\t\t\n\n<h2>Descobre as nossas forma\u00e7\u00f5es<\/h2>\n\t\t\n<style>\n#text-1587727573 {\n  font-size: 1.55rem;\n  text-align: center;\n}\n<\/style>\n\t<\/div>\n\t\n\t<div id=\"text-4075233017\" class=\"text\">\n\t\t\n\n<p>As nossas forma\u00e7\u00f5es dividem-se em <a href=\"https:\/\/myox.fit\/cursos-online-electroestimulacion\/\"><strong>cursos online <\/strong><\/a>e<a href=\"https:\/\/myox.fit\/cursos-presenciales-electroestimulacion\/\"><strong> cursos presenciais<\/strong><\/a>. Oferecemos um amplo leque de forma\u00e7\u00f5es para profissionais titulados e <strong>estudantes universit\u00e1rios<\/strong>, e claro, temos uma oferta de cursos adequada para que muitos<strong> utilizadores e desportistas<\/strong> possam aprender no\u00e7\u00f5es e um crit\u00e9rio \u00f3timo para aprenderem a cuidar de si pr\u00f3prios e superarem-se nos seus treinos.<\/p>\n\t\t\n<style>\n#text-4075233017 {\n  text-align: center;\n  color: rgb(119, 119, 119);\n}\n#text-4075233017 > * {\n  color: rgb(119, 119, 119);\n}\n<\/style>\n\t<\/div>\n\t\n\n\t\t<\/div>\n\t\t\t\t\t<\/div>\n\n\t\n\n<\/div>\n<div class=\"row row-collapse align-equal row-box-shadow-3-hover\"  id=\"row-2093483558\">\n\n\n\t<div id=\"col-1987264430\" class=\"col medium-3 small-12 large-3\"  >\n\t\t\t\t<div class=\"col-inner\" style=\"background-color:rgba(6, 84, 135, 0.39);\" >\n\t\t\t\n\t\t\t\n\n\n  <div class=\"banner has-hover bg-zoom\" id=\"banner-1376982581\">\n          <div class=\"banner-inner fill\">\n        <div class=\"banner-bg fill\" >\n            <img loading=\"lazy\" decoding=\"async\" width=\"1020\" height=\"510\" src=\"https:\/\/myox.fit\/wp-content\/uploads\/2021\/09\/ELECTROESTIMULACION-fondo-e1635263113697-1400x700.jpg\" class=\"bg attachment-large size-large\" alt=\"ELECTROESTIMULACION MUSCULAR\" \/>                        <div class=\"overlay\"><\/div>            \n                    <\/div>\n\t\t\n        <div class=\"banner-layers container\">\n            <div class=\"fill banner-link\"><\/div>            \n\n   <div id=\"text-box-1037710677\" class=\"text-box banner-layer x50 md-x50 lg-x50 y50 md-y50 lg-y50 res-text\">\n                                <div class=\"text-box-content text dark\">\n              \n              <div class=\"text-inner text-center\">\n                  \n\n\t<div id=\"text-3528985790\" class=\"text\">\n\t\t\n\n<h3>Cursos online<\/h3>\n\t\t\n<style>\n#text-3528985790 {\n  font-size: 1rem;\n}\n@media (min-width:850px) {\n  #text-3528985790 {\n    font-size: 0.75rem;\n  }\n}\n<\/style>\n\t<\/div>\n\t\n<a href=\"https:\/\/myox.fit\/cursos-online-electroestimulacion\/\" class=\"button white is-larger\" >\n\t\t<span>Ver cursos<\/span>\n\t<i class=\"icon-angle-right\" aria-hidden=\"true\"><\/i><\/a>\n\n\n\n              <\/div>\n           <\/div>\n                            \n<style>\n#text-box-1037710677 {\n  width: 81%;\n}\n#text-box-1037710677 .text-box-content {\n  font-size: 100%;\n}\n<\/style>\n    <\/div>\n \n\n        <\/div>\n      <\/div>\n\n            \n<style>\n#banner-1376982581 {\n  padding-top: 225px;\n}\n#banner-1376982581 .overlay {\n  background-color: rgba(6, 84, 135, 0.267);\n}\n#banner-1376982581 .banner-bg img {\n  object-position: 40% 55%;\n}\n<\/style>\n  <\/div>\n\n\n\n\t\t<\/div>\n\t\t\t\t\t<\/div>\n\n\t\n\n\t<div id=\"col-466067862\" class=\"col medium-3 small-12 large-3\"  >\n\t\t\t\t<div class=\"col-inner\" style=\"background-color:rgba(6, 84, 135, 0.39);\" >\n\t\t\t\n\t\t\t\n\n\n  <div class=\"banner has-hover bg-zoom\" id=\"banner-1846027938\">\n          <div class=\"banner-inner fill\">\n        <div class=\"banner-bg fill\" >\n            <img loading=\"lazy\" decoding=\"async\" width=\"1020\" height=\"510\" src=\"https:\/\/myox.fit\/wp-content\/uploads\/2021\/09\/POBLACIONES-ESPECIALES-e1635262452373-1400x700.jpg\" class=\"bg attachment-large size-large\" alt=\"Poblaciones Especiales\" \/>                        <div class=\"overlay\"><\/div>            \n                    <\/div>\n\t\t\n        <div class=\"banner-layers container\">\n            <div class=\"fill banner-link\"><\/div>            \n\n   <div id=\"text-box-1905018307\" class=\"text-box banner-layer x50 md-x50 lg-x50 y50 md-y50 lg-y50 res-text\">\n                                <div class=\"text-box-content text dark\">\n              \n              <div class=\"text-inner text-center\">\n                  \n\n\t<div id=\"text-4040259168\" class=\"text\">\n\t\t\n\n<h3>Cursos presenciais<\/h3>\n\t\t\n<style>\n#text-4040259168 {\n  font-size: 1rem;\n}\n@media (min-width:850px) {\n  #text-4040259168 {\n    font-size: 0.75rem;\n  }\n}\n<\/style>\n\t<\/div>\n\t\n<a href=\"https:\/\/myox.fit\/cursos-presenciales-electroestimulacion\/\" class=\"button white is-larger\" >\n\t\t<span>Ver cursos<\/span>\n\t<i class=\"icon-angle-right\" aria-hidden=\"true\"><\/i><\/a>\n\n\n\n              <\/div>\n           <\/div>\n                            \n<style>\n#text-box-1905018307 {\n  width: 81%;\n}\n#text-box-1905018307 .text-box-content {\n  font-size: 100%;\n}\n<\/style>\n    <\/div>\n \n\n        <\/div>\n      <\/div>\n\n            \n<style>\n#banner-1846027938 {\n  padding-top: 225px;\n}\n#banner-1846027938 .overlay {\n  background-color: rgba(6, 84, 135, 0.267);\n}\n#banner-1846027938 .banner-bg img {\n  object-position: 41% 55%;\n}\n<\/style>\n  <\/div>\n\n\n\n\t\t<\/div>\n\t\t\t\t\t<\/div>\n\n\t\n\n\t<div id=\"col-1068797192\" class=\"col medium-3 small-12 large-3\"  >\n\t\t\t\t<div class=\"col-inner\" style=\"background-color:rgba(6, 84, 135, 0.39);\" >\n\t\t\t\n\t\t\t\n\n\n  <div class=\"banner has-hover bg-zoom\" id=\"banner-1423330433\">\n          <div class=\"banner-inner fill\">\n        <div class=\"banner-bg fill\" >\n            <img loading=\"lazy\" decoding=\"async\" width=\"1020\" height=\"510\" src=\"https:\/\/myox.fit\/wp-content\/uploads\/2021\/09\/ELECTROESTIMULACION-fondo-e1635263113697-1400x700.jpg\" class=\"bg attachment-large size-large\" alt=\"ELECTROESTIMULACION MUSCULAR\" \/>                        <div class=\"overlay\"><\/div>            \n                    <\/div>\n\t\t\n        <div class=\"banner-layers container\">\n            <div class=\"fill banner-link\"><\/div>            \n\n   <div id=\"text-box-670244320\" class=\"text-box banner-layer x50 md-x50 lg-x50 y50 md-y50 lg-y50 res-text\">\n                                <div class=\"text-box-content text dark\">\n              \n              <div class=\"text-inner text-center\">\n                  \n\n\t<div id=\"text-310328784\" class=\"text\">\n\t\t\n\n<h3>Certifica\u00e7\u00e3o Myox<\/h3>\n\t\t\n<style>\n#text-310328784 {\n  font-size: 1rem;\n}\n@media (min-width:850px) {\n  #text-310328784 {\n    font-size: 0.75rem;\n  }\n}\n<\/style>\n\t<\/div>\n\t\n<a href=\"https:\/\/myox.fit\/certificacion-especialista-myox-electroestimulacion-muscular-entrenamiento-readaptacion\/\" class=\"button white is-larger\" >\n\t\t<span>Ver certifica\u00e7\u00e3o<\/span>\n\t<i class=\"icon-angle-right\" aria-hidden=\"true\"><\/i><\/a>\n\n\n\n              <\/div>\n           <\/div>\n                            \n<style>\n#text-box-670244320 {\n  width: 81%;\n}\n#text-box-670244320 .text-box-content {\n  font-size: 100%;\n}\n<\/style>\n    <\/div>\n \n\n        <\/div>\n      <\/div>\n\n            \n<style>\n#banner-1423330433 {\n  padding-top: 225px;\n}\n#banner-1423330433 .overlay {\n  background-color: rgba(6, 84, 135, 0.267);\n}\n#banner-1423330433 .banner-bg img {\n  object-position: 40% 55%;\n}\n<\/style>\n  <\/div>\n\n\n\n\t\t<\/div>\n\t\t\t\t\t<\/div>\n\n\t\n\n\t<div id=\"col-132458450\" class=\"col medium-3 small-12 large-3\"  >\n\t\t\t\t<div class=\"col-inner\" style=\"background-color:rgba(6, 84, 135, 0.39);\" >\n\t\t\t\n\t\t\t\n\n\n  <div class=\"banner has-hover bg-zoom\" id=\"banner-2120485802\">\n          <div class=\"banner-inner fill\">\n        <div class=\"banner-bg fill\" >\n            <img loading=\"lazy\" decoding=\"async\" width=\"797\" height=\"800\" src=\"https:\/\/myox.fit\/wp-content\/uploads\/2021\/08\/cinchas-abdomen-797x800.jpg\" class=\"bg attachment-large size-large\" alt=\"\" \/>                        <div class=\"overlay\"><\/div>            \n                    <\/div>\n\t\t\n        <div class=\"banner-layers container\">\n            <div class=\"fill banner-link\"><\/div>            \n\n   <div id=\"text-box-646904678\" class=\"text-box banner-layer x50 md-x50 lg-x50 y50 md-y50 lg-y50 res-text\">\n                                <div class=\"text-box-content text dark\">\n              \n              <div class=\"text-inner text-center\">\n                  \n\n\t<div id=\"text-1419765367\" class=\"text\">\n\t\t\n\n<h3>Aconselhamento<\/h3>\n\t\t\n<style>\n#text-1419765367 {\n  font-size: 1rem;\n}\n@media (min-width:850px) {\n  #text-1419765367 {\n    font-size: 0.75rem;\n  }\n}\n<\/style>\n\t<\/div>\n\t\n<a class=\"button white is-larger\" >\n\t\t<span>Ver aconselhamentos<\/span>\n\t<i class=\"icon-angle-right\" aria-hidden=\"true\"><\/i><\/a>\n\n\n\n              <\/div>\n           <\/div>\n                            \n<style>\n#text-box-646904678 {\n  width: 81%;\n}\n#text-box-646904678 .text-box-content {\n  font-size: 100%;\n}\n<\/style>\n    <\/div>\n \n\n        <\/div>\n      <\/div>\n\n            \n<style>\n#banner-2120485802 {\n  padding-top: 225px;\n}\n#banner-2120485802 .overlay {\n  background-color: rgba(6, 84, 135, 0.267);\n}\n#banner-2120485802 .banner-bg img {\n  object-position: 48% 51%;\n}\n<\/style>\n  <\/div>\n\n\n\n\t\t<\/div>\n\t\t\t\t\t<\/div>\n\n\t\n\n\n<style>\n#row-2093483558 > .col > .col-inner {\n  border-radius: 5px;\n}\n<\/style>\n<\/div>\n\t<div id=\"gap-320595502\" class=\"gap-element clearfix\" style=\"display:block; height:auto;\">\n\t\t\n<style>\n#gap-320595502 {\n  padding-top: 87px;\n}\n<\/style>\n\t<\/div>\n\t\n\n<div class=\"row\"  id=\"row-155953727\">\n\n\n\t<div id=\"col-1839052805\" class=\"col small-12 large-12\"  >\n\t\t\t\t<div class=\"col-inner\" style=\"background-color:#148942;\" >\n\t\t\t\n\t\t\t\n\n\n\t<section class=\"section\" id=\"section_1897857625\">\n\t\t<div class=\"section-bg fill\" >\n\t\t\t\t\t\t\t\t\t\n\t\t\t\n\n\t\t<\/div>\n\n\t\t\n\n\t\t<div class=\"section-content relative\">\n\t\t\t\n\n<div class=\"row align-middle\"  id=\"row-1281130290\">\n\n\n\t<div id=\"col-1021211048\" class=\"col medium-12 small-12 large-7\"  >\n\t\t\t\t<div class=\"col-inner\"  >\n\t\t\t\n\t\t\t\n\n\t<div class=\"img has-hover x md-x lg-x y md-y lg-y\" id=\"image_798474212\">\n\t\t\t\t\t\t\t\t<div class=\"img-inner dark\" >\n\t\t\t<img loading=\"lazy\" decoding=\"async\" width=\"2060\" height=\"768\" src=\"https:\/\/myox.fit\/wp-content\/uploads\/2022\/03\/myox.institute-blanco-rgb_Mesa-de-trabajo-1.png\" class=\"attachment-original size-original\" alt=\"\" srcset=\"https:\/\/myox.fit\/wp-content\/uploads\/2022\/03\/myox.institute-blanco-rgb_Mesa-de-trabajo-1.png 2060w, https:\/\/myox.fit\/wp-content\/uploads\/2022\/03\/myox.institute-blanco-rgb_Mesa-de-trabajo-1-800x298.png 800w, https:\/\/myox.fit\/wp-content\/uploads\/2022\/03\/myox.institute-blanco-rgb_Mesa-de-trabajo-1-1400x522.png 1400w, https:\/\/myox.fit\/wp-content\/uploads\/2022\/03\/myox.institute-blanco-rgb_Mesa-de-trabajo-1-768x286.png 768w, https:\/\/myox.fit\/wp-content\/uploads\/2022\/03\/myox.institute-blanco-rgb_Mesa-de-trabajo-1-1536x573.png 1536w, https:\/\/myox.fit\/wp-content\/uploads\/2022\/03\/myox.institute-blanco-rgb_Mesa-de-trabajo-1-2048x764.png 2048w, https:\/\/myox.fit\/wp-content\/uploads\/2022\/03\/myox.institute-blanco-rgb_Mesa-de-trabajo-1-600x224.png 600w\" sizes=\"auto, (max-width: 2060px) 100vw, 2060px\" \/>\t\t\t\t\t\t\n\t\t\t\t\t<\/div>\n\t\t\t\t\t\t\t\t\n<style>\n#image_798474212 {\n  width: 30%;\n}\n<\/style>\n\t<\/div>\n\t\n\n\t<div id=\"text-876428630\" class=\"text\">\n\t\t\n\n<h3>Certifica\u00e7\u00e3o de especialista Myox em Eletroestimula\u00e7\u00e3o Muscular: treino e readapta\u00e7\u00e3o<\/h3>\n\t\t\n<style>\n#text-876428630 {\n  font-size: 1.75rem;\n  line-height: 1.1;\n  color: rgb(255, 255, 255);\n}\n#text-876428630 > * {\n  color: rgb(255, 255, 255);\n}\n@media (min-width:550px) {\n  #text-876428630 {\n    font-size: 2rem;\n  }\n}\n<\/style>\n\t<\/div>\n\t\n\t<div id=\"text-3738728658\" class=\"text\">\n\t\t\n\n<p><strong>Certifica-te como especialista em eletroestimula\u00e7\u00e3o muscular<\/strong> atrav\u00e9s do nosso<strong> itiner\u00e1rio de 7 cursos online<\/strong>, com um <strong>total de 220 horas<\/strong>. Uma forma\u00e7\u00e3o pioneira a n\u00edvel internacional, caracterizada pela qualidade e exig\u00eancia dos seus conte\u00fados, por uma abordagem te\u00f3rico-pr\u00e1tica e pela proximidade e contacto direto entre professor e aluno.<\/p>\n\t\t\n<style>\n#text-3738728658 {\n  text-align: left;\n  color: rgb(255, 255, 255);\n}\n#text-3738728658 > * {\n  color: rgb(255, 255, 255);\n}\n<\/style>\n\t<\/div>\n\t\n\t<div id=\"gap-1023649189\" class=\"gap-element clearfix\" style=\"display:block; height:auto;\">\n\t\t\n<style>\n#gap-1023649189 {\n  padding-top: 10px;\n}\n<\/style>\n\t<\/div>\n\t\n\n<a href=\"https:\/\/myox.fit\/certificacion-especialista-myox-electroestimulacion-muscular-entrenamiento-readaptacion\/\" class=\"button white is-large\" style=\"border-radius:99px;\">\n\t\t<span>SAIBA MAIS<\/span>\n\t<\/a>\n\n\n\n\t\t<\/div>\n\t\t\t\t\n<style>\n#col-1021211048 > .col-inner {\n  margin: 0px 0px -31px 0px;\n}\n<\/style>\n\t<\/div>\n\n\t\n\n\t<div id=\"col-447212329\" class=\"col medium-12 small-12 large-5 medium-col-first\"  >\n\t\t\t\t<div class=\"col-inner\"  >\n\t\t\t\n\t\t\t\n\n\t<div class=\"img has-hover x md-x lg-x y md-y lg-y\" id=\"image_390544742\">\n\t\t\t\t\t\t\t\t<div class=\"img-inner dark\" >\n\t\t\t<img loading=\"lazy\" decoding=\"async\" width=\"610\" height=\"586\" src=\"https:\/\/myox.fit\/wp-content\/uploads\/2022\/02\/peris-formacion-circulo.png\" class=\"attachment-large size-large\" alt=\"\" srcset=\"https:\/\/myox.fit\/wp-content\/uploads\/2022\/02\/peris-formacion-circulo.png 610w, https:\/\/myox.fit\/wp-content\/uploads\/2022\/02\/peris-formacion-circulo-416x400.png 416w, https:\/\/myox.fit\/wp-content\/uploads\/2022\/02\/peris-formacion-circulo-600x576.png 600w\" sizes=\"auto, (max-width: 610px) 100vw, 610px\" \/>\t\t\t\t\t\t\n\t\t\t\t\t<\/div>\n\t\t\t\t\t\t\t\t\n<style>\n#image_390544742 {\n  width: 100%;\n}\n@media (min-width:850px) {\n  #image_390544742 {\n    width: 100%;\n  }\n}\n<\/style>\n\t<\/div>\n\t\n\n\n\t\t<\/div>\n\t\t\t\t\t<\/div>\n\n\t\n\n<\/div>\n\n\t\t<\/div>\n\n\t\t\n<style>\n#section_1897857625 {\n  padding-top: 20px;\n  padding-bottom: 20px;\n}\n@media (min-width:550px) {\n  #section_1897857625 {\n    padding-top: 50px;\n    padding-bottom: 50px;\n  }\n}\n@media (min-width:850px) {\n  #section_1897857625 {\n    padding-top: 53px;\n    padding-bottom: 53px;\n  }\n}\n<\/style>\n\t<\/section>\n\t\n\n\t\t<\/div>\n\t\t\t\t\t<\/div>\n\n\t\n\n\n<style>\n#row-155953727 > .col > .col-inner {\n  background-color: rgb(255,255,255);\n  border-radius: 43px;\n}\n<\/style>\n<\/div>\n\t<div id=\"gap-845847536\" class=\"gap-element clearfix\" style=\"display:block; height:auto;\">\n\t\t\n<style>\n#gap-845847536 {\n  padding-top: 47px;\n}\n<\/style>\n\t<\/div>\n\t\n\n\t<div id=\"text-2312869754\" class=\"text\">\n\t\t\n\n<p>Os cursos mais comprados pelos nossos clientes<\/p>\n\t\t\n<style>\n#text-2312869754 {\n  font-size: 1rem;\n  line-height: 0.75;\n  text-align: center;\n}\n<\/style>\n\t<\/div>\n\t\n\t<div id=\"text-3974937415\" class=\"text\">\n\t\t\n\n<h2>Cursos de Eletroestimula\u00e7\u00e3o<\/h2>\n\t\t\n<style>\n#text-3974937415 {\n  font-size: 1.55rem;\n  text-align: center;\n}\n<\/style>\n\t<\/div>\n\t\n\t\n  \n    <div class=\"row large-columns-4 medium-columns-3 small-columns-2 row-normal slider row-slider slider-nav-reveal slider-nav-light slider-nav-push\"  data-flickity-options='{&quot;imagesLoaded&quot;: true, &quot;groupCells&quot;: &quot;100%&quot;, &quot;dragThreshold&quot; : 5, &quot;cellAlign&quot;: &quot;left&quot;,&quot;wrapAround&quot;: true,&quot;prevNextButtons&quot;: true,&quot;percentPosition&quot;: true,&quot;pageDots&quot;: false, &quot;rightToLeft&quot;: false, &quot;autoPlay&quot; : false}' >\n\n  <\/div>\n\n\n  <div class=\"banner has-hover feat_points\" id=\"banner-1708787746\">\n          <div class=\"banner-inner fill\">\n        <div class=\"banner-bg fill\" >\n            <img loading=\"lazy\" decoding=\"async\" width=\"1020\" height=\"329\" src=\"https:\/\/myox.fit\/wp-content\/uploads\/2019\/04\/fondo-formacion2-1400x452.jpg\" class=\"bg attachment-large size-large\" alt=\"\" \/>                        <div class=\"overlay\"><\/div>            \n                    <\/div>\n\t\t\n        <div class=\"banner-layers container\">\n            <div class=\"fill banner-link\"><\/div>            \n\n   <div id=\"text-box-173858299\" class=\"text-box banner-layer x50 md-x5 lg-x5 y5 md-y50 lg-y50 res-text\">\n                                <div class=\"text-box-content text dark\">\n              \n              <div class=\"text-inner text-left\">\n                  \n\n<div class=\"is-divider divider clearfix\" style=\"margin-top:1.4em;margin-bottom:1.4em;max-width:500px;background-color:rgb(255, 255, 255);\"><\/div>\n\n\t<div id=\"gap-837753012\" class=\"gap-element clearfix\" style=\"display:block; height:auto;\">\n\t\t\n<style>\n#gap-837753012 {\n  padding-top: 2px;\n}\n<\/style>\n\t<\/div>\n\t\n\n\t<div id=\"text-1954051775\" class=\"text\">\n\t\t\n\n<p class=\"colTitle-1\"><span style=\"color: #ffffff; font-size: 55px; font-weight: 600; line-height: 45px;\">O que incluem os nossos cursos?<\/span><\/p>\n\t\t\n<style>\n#text-1954051775 {\n  font-size: 1.75rem;\n}\n<\/style>\n\t<\/div>\n\t\n<div class=\"is-divider divider clearfix\" style=\"max-width:500px;background-color:rgb(255, 255, 255);\"><\/div>\n\n<p>Todos os nossos cursos s\u00e3o caracterizados por tr\u00eas aspectos-chave:<\/p>\n\n              <\/div>\n           <\/div>\n                            \n<style>\n#text-box-173858299 {\n  width: 80%;\n}\n#text-box-173858299 .text-box-content {\n  font-size: 100%;\n}\n@media (min-width:550px) {\n  #text-box-173858299 {\n    width: 43%;\n  }\n}\n<\/style>\n    <\/div>\n \n   <div id=\"text-box-324052131\" class=\"text-box banner-layer x50 md-x100 lg-x100 y95 md-y50 lg-y50 res-text\">\n                                <div class=\"text-box-content text dark\">\n              \n              <div class=\"text-inner text-left\">\n                  \n\n<p>\u2713 Todos os nossos cursos s\u00e3o ministrados pelo <a href=\"https:\/\/myox.fit\/juan-peris\/\"><strong>professor Juan Peris<\/strong><\/a>, Diretor do <strong>Myox Institute<\/strong>. Profissional titulado e especialista no campo da eletroestimula\u00e7\u00e3o.<\/p>\n<p>\u2713 As aulas s\u00e3o ministradas atrav\u00e9s da nossa <a href=\"http:\/\/myox.fit\/app\"><strong>app Myox<\/strong><\/a> em formato audiovisual e totalmente interativo, o que torna a compreens\u00e3o e a transmiss\u00e3o da informa\u00e7\u00e3o muito mais eficazes.<\/p>\n<p>\u2713 Todos os c<strong>ursos online<\/strong> profissionais s\u00e3o acompanhados por tutorias online com o professor <strong>Juan Peris<\/strong>, para consolidar conhecimentos, fazer todas as perguntas que possa ter e rever os exames de certifica\u00e7\u00e3o.<\/p>\n\n              <\/div>\n           <\/div>\n                            \n<style>\n#text-box-324052131 {\n  width: 80%;\n}\n#text-box-324052131 .text-box-content {\n  font-size: 100%;\n}\n@media (min-width:550px) {\n  #text-box-324052131 {\n    width: 49%;\n  }\n}\n<\/style>\n    <\/div>\n \n\n        <\/div>\n      <\/div>\n\n            \n<style>\n#banner-1708787746 {\n  padding-top: 735px;\n  background-color: rgb(10, 221, 205);\n}\n#banner-1708787746 .overlay {\n  background-color: rgba(0, 0, 0, 0.17);\n}\n@media (min-width:550px) {\n  #banner-1708787746 {\n    padding-top: 388px;\n  }\n}\n<\/style>\n  <\/div>\n\n\n\n\t<section class=\"section\" id=\"section_1130129383\">\n\t\t<div class=\"section-bg fill\" >\n\t\t\t\t\t\t\t\t\t\n\t\t\t\n\n\t\t<\/div>\n\n\t\t\n\n\t\t<div class=\"section-content relative\">\n\t\t\t\n\n\n\t\t<\/div>\n\n\t\t\n<style>\n#section_1130129383 {\n  padding-top: 30px;\n  padding-bottom: 30px;\n  min-height: 53px;\n  background-color: rgb(210, 210, 210);\n}\n@media (min-width:550px) {\n  #section_1130129383 {\n    min-height: 400px;\n  }\n}\n@media (min-width:850px) {\n  #section_1130129383 {\n    min-height: 184px;\n  }\n}\n<\/style>\n\t<\/section>\n\t\n\n\t<section class=\"section\" id=\"section_977055230\">\n\t\t<div class=\"section-bg fill\" >\n\t\t\t\t\t\t\t\t\t\n\t\t\t\n\n\t\t<\/div>\n\n\t\t\n\n\t\t<div class=\"section-content relative\">\n\t\t\t\n\n<div class=\"row align-center\"  id=\"row-1951881244\">\n\n\n\t<div id=\"col-1754231232\" class=\"col medium-12 small-12 large-6\"  >\n\t\t\t\t<div class=\"col-inner\"  >\n\t\t\t\n\t\t\t\n\n\t<div id=\"gap-704481872\" class=\"gap-element clearfix\" style=\"display:block; height:auto;\">\n\t\t\n<style>\n#gap-704481872 {\n  padding-top: 10px;\n}\n@media (min-width:550px) {\n  #gap-704481872 {\n    padding-top: 20px;\n  }\n}\n@media (min-width:850px) {\n  #gap-704481872 {\n    padding-top: 30px;\n  }\n}\n<\/style>\n\t<\/div>\n\t\n\n\t<div id=\"text-1792832493\" class=\"text\">\n\t\t\n\n<h3>Conhe\u00e7a Juan Peris, diretor e professor do Myox Institute<\/h3>\n\t\t\n<style>\n#text-1792832493 {\n  font-size: 1.55rem;\n  line-height: 1;\n  text-align: left;\n}\n<\/style>\n\t<\/div>\n\t\n<p>A dire\u00e7\u00e3o e ensino dos nossos <strong>cursos presenciais e online<\/strong> est\u00e3o a cargo do <a href=\"https:\/\/myox.fit\/juan-peris\/\"><strong>professor Juan Peris<\/strong><\/a>, que possui um curr\u00edculo acad\u00eamico brilhante, al\u00e9m de mais de 20 anos de experi\u00eancia pr\u00e1tica na \u00e1rea de exerc\u00edcio f\u00edsico e sa\u00fade.<\/p>\n<p>Ele possui forma\u00e7\u00e3o universit\u00e1ria em <strong>Ci\u00eancias da Atividade F\u00edsica e Desporto<\/strong>, <strong>Fisioterapia<\/strong> e \u00e9 um Mestre especializado em<strong> Educa\u00e7\u00e3o F\u00edsica<\/strong>. Atualmente, est\u00e1 realizando seu doutorado no departamento de Fisiologia da Faculdade de Medicina da Universidade de Val\u00eancia.<\/p>\n<a href=\"https:\/\/myox.fit\/juan-peris\/\" class=\"button primary box-shadow-4\" style=\"border-radius:90px;\">\n\t\t<span>SAIBA MAIS<\/span>\n\t<\/a>\n\n\n\n\t\t<\/div>\n\t\t\t\t\n<style>\n#col-1754231232 > .col-inner {\n  padding: 0px 10% 0px 0px;\n}\n<\/style>\n\t<\/div>\n\n\t\n\n\t<div id=\"col-557674661\" class=\"col medium-12 small-12 large-6\"  >\n\t\t\t\t<div class=\"col-inner\" style=\"background-color:rgb(241, 241, 241);\" >\n\t\t\t\n\t<div class=\"is-border\"\n\t\tstyle=\"border-color:rgb(20, 137, 66);border-width:10px 0px 0px 0px;\">\n\t<\/div>\n\t\t\t\n\n\t<div class=\"img has-hover x md-x lg-x y md-y lg-y\" id=\"image_823272323\">\n\t\t\t\t\t\t\t\t<div class=\"img-inner dark\" >\n\t\t\t<img loading=\"lazy\" decoding=\"async\" width=\"708\" height=\"400\" src=\"https:\/\/myox.fit\/wp-content\/uploads\/2022\/03\/profesor-juan-peris-708x400.jpg\" class=\"attachment-medium size-medium\" alt=\"\" srcset=\"https:\/\/myox.fit\/wp-content\/uploads\/2022\/03\/profesor-juan-peris-708x400.jpg 708w, https:\/\/myox.fit\/wp-content\/uploads\/2022\/03\/profesor-juan-peris-1400x791.jpg 1400w, https:\/\/myox.fit\/wp-content\/uploads\/2022\/03\/profesor-juan-peris-768x434.jpg 768w, https:\/\/myox.fit\/wp-content\/uploads\/2022\/03\/profesor-juan-peris-1536x868.jpg 1536w, https:\/\/myox.fit\/wp-content\/uploads\/2022\/03\/profesor-juan-peris-600x339.jpg 600w, https:\/\/myox.fit\/wp-content\/uploads\/2022\/03\/profesor-juan-peris.jpg 1582w\" sizes=\"auto, (max-width: 708px) 100vw, 708px\" \/>\t\t\t\t\t\t\n\t\t\t\t\t<\/div>\n\t\t\t\t\t\t\t\t\n<style>\n#image_823272323 {\n  width: 100%;\n}\n<\/style>\n\t<\/div>\n\t\n\n\n\t\t<\/div>\n\t\t\t\t\n<style>\n#col-557674661 > .col-inner {\n  padding: 15% 10% 5% 10%;\n  margin: 0 0px 0px 0px;\n}\n@media (min-width:550px) {\n  #col-557674661 > .col-inner {\n    padding: 10% 10% 8% 10%;\n  }\n}\n@media (min-width:850px) {\n  #col-557674661 > .col-inner {\n    padding: 14% 4% 10% 6%;\n    margin: -172px 0px 0px 0px;\n  }\n}\n<\/style>\n\t<\/div>\n\n\t\n\n<\/div>\n\n\t\t<\/div>\n\n\t\t\n<style>\n#section_977055230 {\n  padding-top: 30px;\n  padding-bottom: 30px;\n}\n<\/style>\n\t<\/section>\n\t\n\n\t<section class=\"section\" id=\"section_1660896329\">\n\t\t<div class=\"section-bg fill\" >\n\t\t\t\t\t\t\t\t\t\n\t\t\t\n\n\t\t<\/div>\n\n\t\t\n\n\t\t<div class=\"section-content relative\">\n\t\t\t\n\n<div class=\"row row-large align-bottom\"  id=\"row-1594983984\">\n\n\n\t<div id=\"col-1234628545\" class=\"col medium-6 small-12 large-6\"  >\n\t\t\t\t<div class=\"col-inner text-left\"  >\n\t\t\t\n\t\t\t\n\n\t<div id=\"text-3329689853\" class=\"text\">\n\t\t\n\n<h3>Um instituto inteiro no seu bolso<\/h3>\n\t\t\n<style>\n#text-3329689853 {\n  font-size: 1.75rem;\n  line-height: 1.1;\n  color: rgb(255, 255, 255);\n}\n#text-3329689853 > * {\n  color: rgb(255, 255, 255);\n}\n@media (min-width:550px) {\n  #text-3329689853 {\n    font-size: 2rem;\n  }\n}\n<\/style>\n\t<\/div>\n\t\n\t<div id=\"text-2164372813\" class=\"text\">\n\t\t\n\n<div class=\"flex-1 overflow-hidden\">\n<div class=\"react-scroll-to-bottom--css-xwfev-79elbk h-full\">\n<div class=\"react-scroll-to-bottom--css-xwfev-1n7m0yu\">\n<div class=\"flex flex-col pb-9 text-sm\">\n<div class=\"w-full text-token-text-primary\" data-testid=\"conversation-turn-96\">\n<div class=\"px-4 py-2 justify-center text-base md:gap-6 m-auto\">\n<div class=\"flex flex-1 text-base mx-auto gap-3 md:px-5 lg:px-1 xl:px-5 md:max-w-3xl lg:max-w-&#091;40rem&#093; xl:max-w-&#091;48rem&#093; group final-completion\">\n<div class=\"relative flex w-full flex-col lg:w-&#091;calc(100%-115px)&#093; agent-turn\">\n<div class=\"flex-col gap-1 md:gap-3\">\n<div class=\"flex flex-grow flex-col max-w-full\">\n<div class=\"min-h-&#091;20px&#093; text-message flex flex-col items-start gap-3 whitespace-pre-wrap break-words &#091;.text-message+&amp;&#093;:mt-5 overflow-x-auto\" data-message-author-role=\"assistant\" data-message-id=\"3544e0eb-281b-4c53-83fe-c724fd3e2eaf\">\n<div class=\"markdown prose w-full break-words dark:prose-invert light\">\n<p>N\u00e3o importa onde voc\u00ea esteja. Com o nosso <a href=\"http:\/\/myox.fit\/app\"><strong>aplicativo Myox<\/strong><\/a>, voc\u00ea poder\u00e1 acessar o conte\u00fado dos cursos e uma variedade de tutoriais e recursos did\u00e1ticos de qualquer lugar do mundo.<\/p>\n<\/div>\n<\/div>\n<\/div>\n<div class=\"mt-1 flex justify-start gap-3 empty:hidden\">\n<div class=\"text-gray-400 flex self-end lg:self-center justify-center lg:justify-start mt-0 gap-1 visible\"><button class=\"flex items-center gap-1.5 rounded-md p-1 pl-0 text-xs hover:text-gray-950 dark:text-gray-400 dark:hover:text-gray-200 disabled:dark:hover:text-gray-400 md:invisible md:group-hover:visible md:group-&#091;.final-completion&#093;:visible\"><\/button>\n<div class=\"flex gap-1\">\u00a0<\/div>\n<div class=\"flex items-center gap-1.5 text-xs\">\u00a0<\/div>\n<\/div>\n<\/div>\n<\/div>\n<\/div>\n<\/div>\n<\/div>\n<\/div>\n<\/div>\n<\/div>\n<\/div>\n<\/div>\n<div class=\"w-full pt-2 md:pt-0 dark:border-white\/20 md:border-transparent md:dark:border-transparent md:w-&#091;calc(100%-.5rem)&#093;\"><form class=\"stretch mx-2 flex flex-row gap-3 last:mb-2 md:mx-4 md:last:mb-6 lg:mx-auto lg:max-w-2xl xl:max-w-3xl\">\n<div class=\"relative flex h-full flex-1 items-stretch md:flex-col\">\n<div class=\"flex w-full items-center\">\u00a0<\/div>\n<\/div>\n<\/form><\/div>\n\t\t\n<style>\n#text-2164372813 {\n  text-align: left;\n  color: rgb(255, 255, 255);\n}\n#text-2164372813 > * {\n  color: rgb(255, 255, 255);\n}\n<\/style>\n\t<\/div>\n\t\n<a href=\"https:\/\/myox.fit\/app\/\" class=\"button primary\" >\n\t\t<span>Baixar o aplicativo<\/span>\n\t<\/a>\n\n\n\n\t\t<\/div>\n\t\t\t\t\n<style>\n#col-1234628545 > .col-inner {\n  padding: 67px 0px 0px 0px;\n}\n<\/style>\n\t<\/div>\n\n\t\n\n\t<div id=\"col-427163023\" class=\"col medium-6 small-12 large-6\"  >\n\t\t\t\t<div class=\"col-inner\"  >\n\t\t\t\n\t\t\t\n\n\t<div class=\"img has-hover x md-x lg-x y md-y lg-y\" id=\"image_1173323034\">\n\t\t\t\t\t\t\t\t<div class=\"img-inner dark\" >\n\t\t\t<img loading=\"lazy\" decoding=\"async\" width=\"1020\" height=\"391\" src=\"https:\/\/myox.fit\/wp-content\/uploads\/2021\/06\/movil-slider3.png\" class=\"attachment-large size-large\" alt=\"\" srcset=\"https:\/\/myox.fit\/wp-content\/uploads\/2021\/06\/movil-slider3.png 1088w, https:\/\/myox.fit\/wp-content\/uploads\/2021\/06\/movil-slider3-800x307.png 800w, https:\/\/myox.fit\/wp-content\/uploads\/2021\/06\/movil-slider3-768x294.png 768w, https:\/\/myox.fit\/wp-content\/uploads\/2021\/06\/movil-slider3-600x230.png 600w\" sizes=\"auto, (max-width: 1020px) 100vw, 1020px\" \/>\t\t\t\t\t\t\n\t\t\t\t\t<\/div>\n\t\t\t\t\t\t\t\t\n<style>\n#image_1173323034 {\n  width: 100%;\n}\n<\/style>\n\t<\/div>\n\t\n\n\n\t\t<\/div>\n\t\t\t\t\n<style>\n#col-427163023 > .col-inner {\n  margin: -2px 0px -45px 0px;\n}\n@media (min-width:550px) {\n  #col-427163023 > .col-inner {\n    margin: -2px 0px - 0px;\n  }\n}\n<\/style>\n\t<\/div>\n\n\t\n\n<\/div>\n\n\t\t<\/div>\n\n\t\t\n<style>\n#section_1660896329 {\n  padding-top: 0px;\n  padding-bottom: 0px;\n  background-color: #148942;\n}\n<\/style>\n\t<\/section>\n\t\n\n\t<section class=\"section\" id=\"section_830738529\">\n\t\t<div class=\"section-bg fill\" >\n\t\t\t\t\t\t\t\t\t\n\t\t\t\n\n\t\t<\/div>\n\n\t\t\n\n\t\t<div class=\"section-content relative\">\n\t\t\t\n\n<div class=\"row\"  id=\"row-1562650663\">\n\n\n\t<div id=\"col-1433681335\" class=\"col small-12 large-12\"  >\n\t\t\t\t<div class=\"col-inner text-center\"  >\n\t\t\t\n\t\t\t\n\n\t<div id=\"text-3331093409\" class=\"text\">\n\t\t\n\n<h2>Uma pequena amostra das nossas forma\u00e7\u00f5es<\/h2>\n\t\t\n<style>\n#text-3331093409 {\n  font-size: 1.55rem;\n  text-align: center;\n}\n<\/style>\n\t<\/div>\n\t\n\n\t\t<\/div>\n\t\t\t\t\t<\/div>\n\n\t\n\n<\/div>\n<div class=\"row\"  id=\"row-1123244517\">\n\n\n\t<div id=\"col-849056357\" class=\"col small-12 large-12\"  >\n\t\t\t\t<div class=\"col-inner\" style=\"background-color:rgb(255, 255, 255);\" >\n\t\t\t\n\t\t\t\n\n<div class=\"slider-wrapper relative\" id=\"slider-197040934\" >\n    <div class=\"slider slider-nav-dots-square slider-nav-circle slider-nav-large slider-nav-dark slider-nav-outside slider-style-normal slider-show-nav\"\n        data-flickity-options='{\n            \"cellAlign\": \"center\",\n            \"imagesLoaded\": true,\n            \"lazyLoad\": 1,\n            \"freeScroll\": false,\n            \"wrapAround\": true,\n            \"autoPlay\": 3000,\n            \"pauseAutoPlayOnHover\" : true,\n            \"prevNextButtons\": false,\n            \"contain\" : true,\n            \"adaptiveHeight\" : true,\n            \"dragThreshold\" : 10,\n            \"percentPosition\": true,\n            \"pageDots\": true,\n            \"rightToLeft\": false,\n            \"draggable\": true,\n            \"selectedAttraction\": 0.1,\n            \"parallax\" : 0,\n            \"friction\": 0.6        }'\n        >\n        \n\n<div class=\"row row-large\"  id=\"row-123268498\">\n\n\n\t<div id=\"col-1509379176\" class=\"col medium-6 small-12 large-6\"  >\n\t\t\t\t<div class=\"col-inner\"  >\n\t\t\t\n\t\t\t\n\n<div class=\"video video-fit mb\" style=\"padding-top:56.25%;\"><iframe loading=\"lazy\" title=\"Entrenamiento de hipertrofia para cu\u00e1driceps con electroestimulaci\u00f3n. Trabajo exc\u00e9ntrico en m\u00e1quina.\" width=\"1020\" height=\"574\" src=\"https:\/\/www.youtube.com\/embed\/NSq4NXye8c0?feature=oembed\" frameborder=\"0\" allow=\"accelerometer; autoplay; clipboard-write; encrypted-media; gyroscope; picture-in-picture\" allowfullscreen><\/iframe><\/div>\n\n\n\t\t<\/div>\n\t\t\t\t\n<style>\n#col-1509379176 > .col-inner {\n  padding: 15px 0px 0px 0px;\n}\n<\/style>\n\t<\/div>\n\n\t\n\n\t<div id=\"col-1322618408\" class=\"col medium-6 small-12 large-6\"  >\n\t\t\t\t<div class=\"col-inner\"  >\n\t\t\t\n\t\t\t\n\n\t<div id=\"gap-288329947\" class=\"gap-element clearfix\" style=\"display:block; height:auto;\">\n\t\t\n<style>\n#gap-288329947 {\n  padding-top: 10px;\n}\n<\/style>\n\t<\/div>\n\t\n\n<h3 class=\"product-title product_title entry-title\"><a href=\"https:\/\/myox.fit\/curso-online-electroestimulacion-muscular-entrenamiento-fuerza-salud-deporte\/\">Curso online: Eletroestimula\u00e7\u00e3o muscular aplicada ao treino de for\u00e7a na sa\u00fade e no desporto<\/a><\/h3>\n<p>Este \u00e9 um dos muitos v\u00eddeos pr\u00e1ticos deste curso. Especificamente neste v\u00eddeo, explicamos como sincronizar o impulso el\u00e9trico com a fase exc\u00eantrica do movimento para provocar a m\u00e1xima resposta de hipertrofia muscular.<\/p>\n\n\t\t<\/div>\n\t\t\t\t\t<\/div>\n\n\t\n\n<\/div>\n<div class=\"row row-large\"  id=\"row-1314936320\">\n\n\n\t<div id=\"col-428470912\" class=\"col medium-6 small-12 large-6\"  >\n\t\t\t\t<div class=\"col-inner\"  >\n\t\t\t\n\t\t\t\n\n<div class=\"video video-fit mb\" style=\"padding-top:56.25%;\"><p><iframe loading=\"lazy\" title=\"Entrenamiento de b\u00edceps con electroestimulaci\u00f3n muscular Compex\" width=\"1020\" height=\"574\" src=\"https:\/\/www.youtube.com\/embed\/QnOnygLAHso?feature=oembed\" frameborder=\"0\" allow=\"accelerometer; autoplay; clipboard-write; encrypted-media; gyroscope; picture-in-picture\" allowfullscreen><\/iframe><\/p>\n<\/div>\n\n\n\t\t<\/div>\n\t\t\t\t\n<style>\n#col-428470912 > .col-inner {\n  padding: 15px 0px 0px 0px;\n}\n<\/style>\n\t<\/div>\n\n\t\n\n\t<div id=\"col-277424406\" class=\"col medium-6 small-12 large-6\"  >\n\t\t\t\t<div class=\"col-inner\"  >\n\t\t\t\n\t\t\t\n\n<h3 class=\"product-title product_title entry-title\"><a href=\"https:\/\/myox.fit\/curso-online-electroestimulacion-muscular-entrenamiento-fuerza-salud-deporte\/\">Curso online: Eletroestimula\u00e7\u00e3o muscular aplicada ao treino de for\u00e7a na sa\u00fade e no desporto<\/a><\/h3>\n<p>Aqui compartilhamos outro v\u00eddeo pr\u00e1tico deste curso online interessante. Vemos de forma pr\u00e1tica como realizar um treino de b\u00edceps com eletroestimula\u00e7\u00e3o muscular.<\/p>\n\t<div id=\"gap-1005420271\" class=\"gap-element clearfix\" style=\"display:block; height:auto;\">\n\t\t\n<style>\n#gap-1005420271 {\n  padding-top: 10px;\n}\n<\/style>\n\t<\/div>\n\t\n\n\n\t\t<\/div>\n\t\t\t\t\t<\/div>\n\n\t\n\n<\/div>\n<div class=\"row row-large\"  id=\"row-883207495\">\n\n\n\t<div id=\"col-1793855378\" class=\"col medium-6 small-12 large-6\"  >\n\t\t\t\t<div class=\"col-inner\"  >\n\t\t\t\n\t\t\t\n\n<div class=\"video video-fit mb\" style=\"padding-top:56.25%;\"><p><iframe loading=\"lazy\" title=\"P\u00e9rdida de peso con electroestimulaci\u00f3n. Aumentamos el gasto cal\u00f3rico, reclutamiento de fibra lenta.\" width=\"1020\" height=\"574\" src=\"https:\/\/www.youtube.com\/embed\/HtgtiXfiMxQ?feature=oembed\" frameborder=\"0\" allow=\"accelerometer; autoplay; clipboard-write; encrypted-media; gyroscope; picture-in-picture\" allowfullscreen><\/iframe><\/p>\n<\/div>\n\n\n\t\t<\/div>\n\t\t\t\t\n<style>\n#col-1793855378 > .col-inner {\n  padding: 15px 0px 0px 0px;\n}\n<\/style>\n\t<\/div>\n\n\t\n\n\t<div id=\"col-161538791\" class=\"col medium-6 small-12 large-6\"  >\n\t\t\t\t<div class=\"col-inner\"  >\n\t\t\t\n\t\t\t\n\n<h3 style=\"margin-bottom: 0px;\"><a href=\"https:\/\/myox.fit\/curso-online-perdida-peso-celulitis-electroestimulacion-muscular\/\"><strong>Perda de peso e celulite com eletroestimula\u00e7\u00e3o muscular<\/strong><\/a><\/h3>\n<p>Este \u00e9 um <strong>curso online<\/strong> oferecido a profissionais e ao p\u00fablico amador, com uma abordagem muito pr\u00e1tica, onde s\u00e3o apresentados os diferentes sistemas de trabalho em que a eletroestimula\u00e7\u00e3o se tornar\u00e1 um facilitador dos resultados em programas de perda de peso e celulite.<\/p>\n\t<div id=\"gap-45363895\" class=\"gap-element clearfix\" style=\"display:block; height:auto;\">\n\t\t\n<style>\n#gap-45363895 {\n  padding-top: 10px;\n}\n<\/style>\n\t<\/div>\n\t\n\n\n\t\t<\/div>\n\t\t\t\t\t<\/div>\n\n\t\n\n<\/div>\n\n     <\/div>\n\n     <div class=\"loading-spin dark large centered\"><\/div>\n\n\t<\/div>\n\n\n\n\t\t<\/div>\n\t\t\t\t\t<\/div>\n\n\t\n\n\n<style>\n#row-1123244517 > .col > .col-inner {\n  padding: 30px 30px 30px 30px;\n}\n@media (min-width:550px) {\n  #row-1123244517 > .col > .col-inner {\n    padding: 50px 50px 30px 50px;\n  }\n}\n<\/style>\n<\/div>\n\n\t\t<\/div>\n\n\t\t\n<style>\n#section_830738529 {\n  padding-top: 80px;\n  padding-bottom: 80px;\n  background-color: rgb(246, 246, 246);\n}\n<\/style>\n\t<\/section>\n\t\n\n\t<section class=\"section dark\" id=\"section_859230653\">\n\t\t<div class=\"section-bg fill\" >\n\t\t\t\t\t\t\t\t\t\n\t\t\t\n\n\t\t<\/div>\n\n\t\t\n\n\t\t<div class=\"section-content relative\">\n\t\t\t\n\n<div class=\"row align-center\"  id=\"row-1755644565\">\n\n\n\t<div id=\"col-462644044\" class=\"col medium-12 small-12 large-10\"  >\n\t\t\t\t<div class=\"col-inner text-center\"  >\n\t\t\t\n\t\t\t\n\n\t<div id=\"gap-1906611622\" class=\"gap-element clearfix\" style=\"display:block; height:auto;\">\n\t\t\n<style>\n#gap-1906611622 {\n  padding-top: 40px;\n}\n<\/style>\n\t<\/div>\n\t\n\n\t<div id=\"text-3428782228\" class=\"text\">\n\t\t\n\n<h4>Confiam no Myox Institute<\/h4>\n\t\t\n<style>\n#text-3428782228 {\n  font-size: 1rem;\n}\n<\/style>\n\t<\/div>\n\t\n\t<div id=\"gap-1655788552\" class=\"gap-element clearfix\" style=\"display:block; height:auto;\">\n\t\t\n<style>\n#gap-1655788552 {\n  padding-top: 25px;\n}\n@media (min-width:550px) {\n  #gap-1655788552 {\n    padding-top: 20px;\n  }\n}\n<\/style>\n\t<\/div>\n\t\n\n<div class=\"row row-large\"  id=\"row-688841531\">\n\n\n\t<div id=\"col-339964541\" class=\"col medium-3 small-6 large-3\"  >\n\t\t\t\t<div class=\"col-inner\"  >\n\t\t\t\n\t\t\t\n\n\t<div class=\"img has-hover x md-x lg-x y md-y lg-y\" id=\"image_2069903175\">\n\t\t\t\t\t\t\t\t<div class=\"img-inner dark\" >\n\t\t\t<img loading=\"lazy\" decoding=\"async\" width=\"281\" height=\"39\" src=\"https:\/\/myox.fit\/wp-content\/uploads\/2022\/04\/logo-compex.png\" class=\"attachment-large size-large\" alt=\"\" \/>\t\t\t\t\t\t\n\t\t\t\t\t<\/div>\n\t\t\t\t\t\t\t\t\n<style>\n#image_2069903175 {\n  width: 90%;\n}\n<\/style>\n\t<\/div>\n\t\n\n\n\t\t<\/div>\n\t\t\t\t\t<\/div>\n\n\t\n\n\t<div id=\"col-691862574\" class=\"col medium-3 small-6 large-3\"  >\n\t\t\t\t<div class=\"col-inner\"  >\n\t\t\t\n\t\t\t\n\n\t<div class=\"img has-hover x md-x lg-x y md-y lg-y\" id=\"image_976443696\">\n\t\t\t\t\t\t\t\t<div class=\"img-inner dark\" >\n\t\t\t<img loading=\"lazy\" decoding=\"async\" width=\"400\" height=\"66\" src=\"https:\/\/myox.fit\/wp-content\/uploads\/2022\/04\/logo-chattanoga.png\" class=\"attachment-large size-large\" alt=\"\" \/>\t\t\t\t\t\t\n\t\t\t\t\t<\/div>\n\t\t\t\t\t\t\t\t\n<style>\n#image_976443696 {\n  width: 90%;\n}\n<\/style>\n\t<\/div>\n\t\n\n\n\t\t<\/div>\n\t\t\t\t\t<\/div>\n\n\t\n\n\t<div id=\"col-1739011479\" class=\"col medium-3 small-6 large-3\"  >\n\t\t\t\t<div class=\"col-inner\"  >\n\t\t\t\n\t\t\t\n\n\t<div class=\"img has-hover x md-x lg-x y md-y lg-y\" id=\"image_273500922\">\n\t\t\t\t\t\t\t\t<div class=\"img-inner dark\" >\n\t\t\t<img loading=\"lazy\" decoding=\"async\" width=\"200\" height=\"53\" src=\"https:\/\/myox.fit\/wp-content\/uploads\/2022\/04\/logo-reboot.png\" class=\"attachment-large size-large\" alt=\"\" \/>\t\t\t\t\t\t\n\t\t\t\t\t<\/div>\n\t\t\t\t\t\t\t\t\n<style>\n#image_273500922 {\n  width: 90%;\n}\n<\/style>\n\t<\/div>\n\t\n\n\n\t\t<\/div>\n\t\t\t\t\t<\/div>\n\n\t\n\n\t<div id=\"col-1792640507\" class=\"col medium-3 small-6 large-3\"  >\n\t\t\t\t<div class=\"col-inner\"  >\n\t\t\t\n\t\t\t\n\n\t<div class=\"img has-hover x md-x lg-x y md-y lg-y\" id=\"image_1705412606\">\n\t\t\t\t\t\t\t\t<div class=\"img-inner dark\" >\n\t\t\t<img loading=\"lazy\" decoding=\"async\" width=\"1020\" height=\"238\" src=\"https:\/\/myox.fit\/wp-content\/uploads\/2022\/04\/logo-enovis.png\" class=\"attachment-large size-large\" alt=\"\" srcset=\"https:\/\/myox.fit\/wp-content\/uploads\/2022\/04\/logo-enovis.png 1280w, https:\/\/myox.fit\/wp-content\/uploads\/2022\/04\/logo-enovis-800x187.png 800w, https:\/\/myox.fit\/wp-content\/uploads\/2022\/04\/logo-enovis-768x179.png 768w, https:\/\/myox.fit\/wp-content\/uploads\/2022\/04\/logo-enovis-600x140.png 600w\" sizes=\"auto, (max-width: 1020px) 100vw, 1020px\" \/>\t\t\t\t\t\t\n\t\t\t\t\t<\/div>\n\t\t\t\t\t\t\t\t\n<style>\n#image_1705412606 {\n  width: 90%;\n}\n<\/style>\n\t<\/div>\n\t\n\n\n\t\t<\/div>\n\t\t\t\t\t<\/div>\n\n\t\n\n<\/div>\n\n\t\t<\/div>\n\t\t\t\t\n<style>\n#col-462644044 > .col-inner {\n  margin: 0px 0px -39px 0px;\n}\n<\/style>\n\t<\/div>\n\n\t\n\n<\/div>\n\n\t\t<\/div>\n\n\t\t\n<style>\n#section_859230653 {\n  padding-top: 30px;\n  padding-bottom: 30px;\n  background-color: #065487;\n}\n<\/style>\n\t<\/section>\n\t\n<div class=\"row row-collapse row-full-width\"  id=\"row-863210425\">\n\n\n\t<div id=\"col-1012956521\" class=\"col small-12 large-12\"  >\n\t\t\t\t<div class=\"col-inner\"  >\n\t\t\t\n\t\t\t\n\n<div class=\"row row-collapse row-full-width align-middle\"  id=\"row-2045605308\">\n\n\n\t<div id=\"col-1967867140\" class=\"col medium-7 small-12 large-6\"  >\n\t\t\t\t<div class=\"col-inner dark\"  >\n\t\t\t\n\t\t\t\n\n\t<div id=\"text-2207192617\" class=\"text\">\n\t\t\n\n<h2>Respondemos a todas as tuas perguntas<\/h2>\n\t\t\n<style>\n#text-2207192617 {\n  font-size: 1.85rem;\n  color: rgb(0,0,0);\n}\n#text-2207192617 > * {\n  color: rgb(0,0,0);\n}\n@media (min-width:550px) {\n  #text-2207192617 {\n    font-size: 1.75rem;\n  }\n}\n<\/style>\n\t<\/div>\n\t\n\t<div id=\"text-314050483\" class=\"text\">\n\t\t\n\n<p class=\"lead\">Ainda tens d\u00favidas? Consulta estas perguntas frequentes sobre as nossas forma\u00e7\u00f5es e, se ainda assim tiveres preocupa\u00e7\u00f5es, <a href=\"http:\/\/myox.fit\/contacto\"><strong>contacta-nos<\/strong><\/a>.<\/p>\n\t\t\n<style>\n#text-314050483 {\n  color: rgb(0,0,0);\n}\n#text-314050483 > * {\n  color: rgb(0,0,0);\n}\n<\/style>\n\t<\/div>\n\t\n\t<div id=\"gap-1044534391\" class=\"gap-element clearfix hide-for-small\" style=\"display:block; height:auto;\">\n\t\t\n<style>\n#gap-1044534391 {\n  padding-top: 50px;\n}\n@media (min-width:550px) {\n  #gap-1044534391 {\n    padding-top: 150px;\n  }\n}\n<\/style>\n\t<\/div>\n\t\n\n\n\t\t<\/div>\n\t\t\t\t\n<style>\n#col-1967867140 > .col-inner {\n  padding: 20% 0px 20% 3%;\n}\n@media (min-width:550px) {\n  #col-1967867140 > .col-inner {\n    padding: 0px 0px 0px 3%;\n  }\n}\n@media (min-width:850px) {\n  #col-1967867140 > .col-inner {\n    padding: 0px 10% 0px 15%;\n  }\n}\n<\/style>\n\t<\/div>\n\n\t\n\n\t<div id=\"col-1053208735\" class=\"col medium-5 small-12 large-6\"  >\n\t\t\t\t<div class=\"col-inner\"  >\n\t\t\t\n\t\t\t\n\n<div class=\"accordion\">\n\n\t<div id=\"accordion-419764391\" class=\"accordion-item\">\n\t\t<a id=\"accordion-419764391-label\" class=\"accordion-title plain\" href=\"#accordion-item-quem-\/-o-que-\u00e9-o-myox-institute?\" aria-expanded=\"false\" aria-controls=\"accordion-419764391-content\">\n\t\t\t<button class=\"toggle\" aria-label=\"Toggle\"><i class=\"icon-angle-down\" aria-hidden=\"true\"><\/i><\/button>\n\t\t\t<span>Quem \/ O que \u00e9 o Myox Institute?<\/span>\n\t\t<\/a>\n\t\t<div id=\"accordion-419764391-content\" class=\"accordion-inner\" aria-labelledby=\"accordion-419764391-label\">\n\t\t\t\n\n<p>O<strong> Myox Institute<\/strong> \u00e9 uma institui\u00e7\u00e3o de forma\u00e7\u00e3o especializada em <strong>ci\u00eancias da sa\u00fade e desporto<\/strong>, com um foco destacado na <strong>tecnologia aplicada ao treino e readapta\u00e7\u00e3o.<\/strong> Oferece <strong>cursos online e presenciais<\/strong> liderados pelo<strong> professor Juan Peris<\/strong>, um <strong>especialista em eletroestimula\u00e7\u00e3o muscular<\/strong> com uma s\u00f3lida forma\u00e7\u00e3o acad\u00eamica em <strong>Ci\u00eancias da Atividade F\u00edsica e Desporto, Fisioterapia e Educa\u00e7\u00e3o F\u00edsica.<\/strong><\/p>\n<p>A institui\u00e7\u00e3o destaca-se pelo seu enfoque te\u00f3rico-pr\u00e1tico, pela proximidade entre professor e aluno e pela qualidade dos seus conte\u00fados. Com mais de 20 anos de experi\u00eancia, o <strong>Myox Institute<\/strong> tornou-se uma <strong>refer\u00eancia internacional na forma\u00e7\u00e3o em eletroestimula\u00e7\u00e3o muscular.<\/strong><\/p>\n<p>Tudo isso \u00e9 resultado da qualidade dos seus conte\u00fados, por ter lan\u00e7ado no mercado a primeira <a href=\"https:\/\/myox.fit\/certificacion-especialista-myox-electroestimulacion-muscular-entrenamiento-readaptacion\/\"><strong>Certifica\u00e7\u00e3o de especializa\u00e7\u00e3o em eletroestimula\u00e7\u00e3o muscular<\/strong>,<\/a> uma abordagem honesta ao ensino e baseada no relacionamento pr\u00f3ximo com cada aluno, resumidamente, por se preocupar em fazer as coisas bem feitas; com carinho, entusiasmo e voca\u00e7\u00e3o.&#8221;<\/p>\n\n\t\t<\/div>\n\t<\/div>\n\t\n\t<div id=\"accordion-2671509883\" class=\"accordion-item\">\n\t\t<a id=\"accordion-2671509883-label\" class=\"accordion-title plain\" href=\"#accordion-item-o-que-\u00e9-a-eletroestimula\u00e7\u00e3o?\" aria-expanded=\"false\" aria-controls=\"accordion-2671509883-content\">\n\t\t\t<button class=\"toggle\" aria-label=\"Toggle\"><i class=\"icon-angle-down\" aria-hidden=\"true\"><\/i><\/button>\n\t\t\t<span>O que \u00e9 a eletroestimula\u00e7\u00e3o?<\/span>\n\t\t<\/a>\n\t\t<div id=\"accordion-2671509883-content\" class=\"accordion-inner\" aria-labelledby=\"accordion-2671509883-label\">\n\t\t\t\n\n<p>A<strong> eletroestimula\u00e7\u00e3o<\/strong> \u00e9 um meio ou sistema de trabalho pelo qual podemos induzir contra\u00e7\u00f5es musculares por meio de impulsos el\u00e9tricos emitidos por um eletroestimulador. Este &#8216;trabalho&#8217; pode ser enquadrado no campo do<strong> Desempenho Desportivo, da Readapta\u00e7\u00e3o, da Fisioterapia ou da Est\u00e9tica<\/strong>, dependendo dos objetivos a serem trabalhados e dos meios aplicados<\/p>\n\n\t\t<\/div>\n\t<\/div>\n\t\n\t<div id=\"accordion-1288002858\" class=\"accordion-item\">\n\t\t<a id=\"accordion-1288002858-label\" class=\"accordion-title plain\" href=\"#accordion-item-o-que-\u00e9-a-pressoterapia-aplicada-ao-desporto?\" aria-expanded=\"false\" aria-controls=\"accordion-1288002858-content\">\n\t\t\t<button class=\"toggle\" aria-label=\"Toggle\"><i class=\"icon-angle-down\" aria-hidden=\"true\"><\/i><\/button>\n\t\t\t<span>O que \u00e9 a pressoterapia aplicada ao desporto?<\/span>\n\t\t<\/a>\n\t\t<div id=\"accordion-1288002858-content\" class=\"accordion-inner\" aria-labelledby=\"accordion-1288002858-label\">\n\t\t\t\n\n<p>A <strong>pressoterapia no campo desportivo<\/strong> \u00e9 um meio de facilitar e acelerar os processos de recupera\u00e7\u00e3o dos desportistas, e com isso, melhorar o seu desempenho desportivo. Utilizamos as chamadas &#8216;<a href=\"https:\/\/myox.fit\/presoterapia\/\"><strong>botas de pressoterapia<\/strong><\/a>&#8216;, que s\u00e3o capazes, por meio de c\u00e2maras que geram press\u00e3o positiva, de estimular o sistema linf\u00e1tico e o sistema sangu\u00edneo, principalmente o de retorno.<\/p>\n\n\t\t<\/div>\n\t<\/div>\n\t\n\t<div id=\"accordion-3760413658\" class=\"accordion-item\">\n\t\t<a id=\"accordion-3760413658-label\" class=\"accordion-title plain\" href=\"#accordion-item-em-que-consiste-a-terapia-de-percuss\u00e3o?\" aria-expanded=\"false\" aria-controls=\"accordion-3760413658-content\">\n\t\t\t<button class=\"toggle\" aria-label=\"Toggle\"><i class=\"icon-angle-down\" aria-hidden=\"true\"><\/i><\/button>\n\t\t\t<span>Em que consiste a terapia de percuss\u00e3o?<\/span>\n\t\t<\/a>\n\t\t<div id=\"accordion-3760413658-content\" class=\"accordion-inner\" aria-labelledby=\"accordion-3760413658-label\">\n\t\t\t\n\n<p>A terapia de percuss\u00e3o \u00e9 realizada atrav\u00e9s das conhecidas &#8216;<a href=\"https:\/\/myox.fit\/masaje\/\"><strong>pistolas de massagem&#8217; ou &#8216;pistolas de percuss\u00e3o&#8217;<\/strong>,<\/a> e consiste em estimular a massa muscular atrav\u00e9s de um n\u00famero de impactos por segundo que facilitam o relaxamento muscular e a circula\u00e7\u00e3o sangu\u00ednea. Isso otimiza a r<strong>ecupera\u00e7\u00e3o ap\u00f3s os treinos ou o tratamento de algumas les\u00f5es.<\/strong><\/p>\n\n\t\t<\/div>\n\t<\/div>\n\t\n\t<div id=\"accordion-1185027390\" class=\"accordion-item\">\n\t\t<a id=\"accordion-1185027390-label\" class=\"accordion-title plain\" href=\"#accordion-item-sobre-os-cursos-de-eletroestimula\u00e7\u00e3o\" aria-expanded=\"false\" aria-controls=\"accordion-1185027390-content\">\n\t\t\t<button class=\"toggle\" aria-label=\"Toggle\"><i class=\"icon-angle-down\" aria-hidden=\"true\"><\/i><\/button>\n\t\t\t<span>Sobre os cursos de eletroestimula\u00e7\u00e3o<\/span>\n\t\t<\/a>\n\t\t<div id=\"accordion-1185027390-content\" class=\"accordion-inner\" aria-labelledby=\"accordion-1185027390-label\">\n\t\t\t\n\n<p>Desenvolvemos uma metodologia de <strong>treinamento com eletroestimula\u00e7\u00e3o muscular<\/strong> que tornou a<strong> Myox<\/strong> um sistema \u00fanico no mundo. Analisamos o conceito, seus par\u00e2metros el\u00e9tricos e suas implica\u00e7\u00f5es fisiol\u00f3gicas e biomec\u00e2nicas em n\u00edveis nunca antes conhecidos, resultando em uma metodologia exclusiva que temos o prazer de compartilhar h\u00e1 anos por meio de nossas forma\u00e7\u00f5es.<\/p>\n<p>Nossos cursos presenciais e online s\u00e3o caracterizados por sua rigorosidade, seriedade e profissionalismo. Voc\u00ea poder\u00e1 conhecer e compreender como a metodologia Myox oferece recursos em:<\/p>\n<ul>\n<li><strong>Desempenho esportivo<\/strong><\/li>\n<li><strong>Est\u00e9tica<\/strong><\/li>\n<li><strong>Fisioterapia<\/strong><\/li>\n<li><strong>Reabilita\u00e7\u00e3o esportiva<\/strong><\/li>\n<li><strong>Corre\u00e7\u00e3o postural<\/strong><\/li>\n<li><strong>Reeduca\u00e7\u00e3o do movimento<\/strong><\/li>\n<li><strong>Popula\u00e7\u00f5es especiais<\/strong><\/li>\n<li><strong>Les\u00f5es, dor, &#8230;<\/strong><\/li>\n<\/ul>\n<p>A oferta acad\u00eamica do<strong> Instituto Myox<\/strong> se divide em:<\/p>\n<ul>\n<li style=\"text-align: left;\"><a href=\"https:\/\/myox.fit\/cursos-online-electroestimulacion\/\"><strong>Cursos online de eletroestimula\u00e7\u00e3o muscular<\/strong><\/a><\/li>\n<li><a href=\"https:\/\/myox.fit\/cursos-presenciales-electroestimulacion\/\"><strong>Cursos presenciais de eletroestimula\u00e7\u00e3o muscular<\/strong><\/a><\/li>\n<li><strong>Certifica\u00e7\u00e3o Myox como especialista em eletroestimula\u00e7\u00e3o muscular (carga hor\u00e1ria de 220 horas)<\/strong><\/li>\n<\/ul>\n<p>Naturalmente, refor\u00e7amos nosso trabalho educacional com <a href=\"https:\/\/myox.fit\/asesoramiento\/\"><strong>tutorias de aconselhamento<\/strong> <\/a>voltadas tanto para profissionais que desejam consultar casos reais de seus clientes ou pacientes quanto para usu\u00e1rios que t\u00eam ou desejam <a href=\"https:\/\/myox.fit\/tienda-electroestimulacion\/\"><strong>adquirir um eletroestimulador muscula<\/strong><\/a>r e precisam de orienta\u00e7\u00e3o para um uso respons\u00e1vel e eficaz de seu equipamento.<\/p>\n<p>Al\u00e9m disso, na <strong>Myox<\/strong>, abordamos a eletroestimula\u00e7\u00e3o de forma abrangente, o que significa que analisamos e aplicamos tanto a eletroestimula\u00e7\u00e3o anal\u00edtica com marcas de refer\u00eancia como <strong><a href=\"https:\/\/myox.fit\/tienda-electroestimulacion\/\">Compex ou Chattanooga<\/a><\/strong> quanto com t<strong>rajes ou coletes de eletroestimula\u00e7\u00e3o muscular global.<\/strong><\/p>\n\n\t\t<\/div>\n\t<\/div>\n\t\n\t<div id=\"accordion-1954777179\" class=\"accordion-item\">\n\t\t<a id=\"accordion-1954777179-label\" class=\"accordion-title plain\" href=\"#accordion-item-\u00bfem-que-consiste-a-certifica\u00e7\u00e3o-myox-de-especialista-em-eletroestimula\u00e7\u00e3o-muscular?\" aria-expanded=\"false\" aria-controls=\"accordion-1954777179-content\">\n\t\t\t<button class=\"toggle\" aria-label=\"Toggle\"><i class=\"icon-angle-down\" aria-hidden=\"true\"><\/i><\/button>\n\t\t\t<span>\u00bfEm que consiste a certifica\u00e7\u00e3o Myox de especialista em eletroestimula\u00e7\u00e3o muscular?<\/span>\n\t\t<\/a>\n\t\t<div id=\"accordion-1954777179-content\" class=\"accordion-inner\" aria-labelledby=\"accordion-1954777179-label\">\n\t\t\t\n\n<p>A <strong>Certifica\u00e7\u00e3o Myox<\/strong> \u00e9 a primeira e mais ambiciosa <a href=\"https:\/\/myox.fit\/certificacion-especialista-myox-electroestimulacion-muscular-entrenamiento-readaptacion\/\"><strong>forma\u00e7\u00e3o de especializa\u00e7\u00e3o em eletroestimula\u00e7\u00e3o muscular<\/strong> <\/a>desenvolvida a n\u00edvel internacional, com dura\u00e7\u00e3o de 220 horas de forma\u00e7\u00e3o, abrangendo uma ampla variedade de conte\u00fados te\u00f3rico-pr\u00e1ticos, tutorias individuais, estudos de casos reais e aplica\u00e7\u00f5es com eletroestimuladores tradicionais-anal\u00edticos, bem como com trajes\/coletes de eletroestimula\u00e7\u00e3o global. Sem d\u00favida, \u00e9 uma forma\u00e7\u00e3o pensada para satisfazer e se tornar um recurso de aprimoramento para os profissionais mais ambiciosos. <strong>Treinadores, fisioterapeutas, kinesi\u00f3logos, reabilitadores, readaptadores,<\/strong> voc\u00eas s\u00e3o bem-vindos!<\/p>\n<p>Esta certifica\u00e7\u00e3o inclui os <a href=\"https:\/\/myox.fit\/cursos-online-electroestimulacion\/\"><strong>7 cursos online para profissionais<\/strong><\/a>. Imagine a quantidade de conte\u00fado que podemos aprender para nos tornarmos verdadeiros especialistas em eletroestimula\u00e7\u00e3o muscular!<\/p>\n<ul>\n<li><a href=\"https:\/\/myox.fit\/curso-online-fundamentos-electroestimulacion-muscular-parametros-programacion-evaluacion\/\" target=\"_blank\" rel=\"noopener noreferrer\"><strong>Fundamentos da eletroestimula\u00e7\u00e3o muscular: par\u00e2metros, programa\u00e7\u00e3o e avalia\u00e7\u00e3o.<\/strong><\/a><\/li>\n<li><a href=\"https:\/\/myox.fit\/curso-online-electroestimulacion-muscular-entrenamiento-fuerza-salud-deporte\/\" target=\"_blank\" rel=\"noopener noreferrer\"><strong>Eletroestimula\u00e7\u00e3o muscular aplicada ao treinamento de for\u00e7a na sa\u00fade e no esporte.<\/strong><\/a><\/li>\n<li><strong><a href=\"https:\/\/myox.fit\/curso-online-electroestimulacion-muscular-entrenamiento-resistencia\/\" target=\"_blank\" rel=\"noopener noreferrer\">Eletroestimula\u00e7\u00e3o muscular aplicada ao treinamento de resist\u00eancia.<\/a><\/strong><\/li>\n<li><a href=\"https:\/\/myox.fit\/curso-online-electroestimulacion-muscular-entrenamiento-flexibilidad\/\" target=\"_blank\" rel=\"noopener noreferrer\"><strong>Eletroestimula\u00e7\u00e3o muscular aplicada ao treinamento de flexibilidade.<\/strong><\/a><\/li>\n<li><a href=\"https:\/\/myox.fit\/curso-online-electroestimulacion-muscular-salud-espalda-correccion-postural-hipopresivos-estabilidad\/\" target=\"_blank\" rel=\"noopener noreferrer\"><strong>Eletroestimula\u00e7\u00e3o muscular e sa\u00fade das costas: corre\u00e7\u00e3o postural, hipopressivos e estabilidade.<\/strong><\/a><\/li>\n<li><a href=\"https:\/\/myox.fit\/curso-online-biomecanica-electroestimulacion-muscular-estabilidad-articular-patrones-movimiento\/\" target=\"_blank\" rel=\"noopener noreferrer\"><strong>Biomec\u00e2nica avan\u00e7ada com eletroestimula\u00e7\u00e3o muscular; estabilidade articular e padr\u00f5es de movimento.<\/strong><\/a><\/li>\n<li><a href=\"https:\/\/myox.fit\/curso-online-electroestimulacion-muscular-poblaciones-especiales-riesgos-contraindicaciones\/\" target=\"_blank\" rel=\"noopener noreferrer\"><strong>Eletroestimula\u00e7\u00e3o muscular: popula\u00e7\u00f5es especiais, riscos e contraindica\u00e7\u00f5es.<\/strong><\/a><\/li>\n<\/ul>\n\n\t\t<\/div>\n\t<\/div>\n\t\n\t<div id=\"accordion-3553393575\" class=\"accordion-item\">\n\t\t<a id=\"accordion-3553393575-label\" class=\"accordion-title plain\" href=\"#accordion-item-cursos-online-de-curta-dura\u00e7\u00e3o-sobre-eletroestimula\u00e7\u00e3o,-em-que-consistem?\" aria-expanded=\"false\" aria-controls=\"accordion-3553393575-content\">\n\t\t\t<button class=\"toggle\" aria-label=\"Toggle\"><i class=\"icon-angle-down\" aria-hidden=\"true\"><\/i><\/button>\n\t\t\t<span>Cursos online de curta dura\u00e7\u00e3o sobre eletroestimula\u00e7\u00e3o, em que consistem?<\/span>\n\t\t<\/a>\n\t\t<div id=\"accordion-3553393575-content\" class=\"accordion-inner\" aria-labelledby=\"accordion-3553393575-label\">\n\t\t\t\n\n<p>No <strong>Instituto Myox<\/strong>, quase diariamente, recebemos consultas muito espec\u00edficas de <strong>treinadores e fisioterapeutas<\/strong> de todo o mundo, que nos fazem perguntas sobre casos reais que surgem nas suas cl\u00ednicas ou centros de treinamento.<\/p>\n<p>Por outro lado, muitos <strong>utilizadores<\/strong> procuram-nos com quest\u00f5es muito espec\u00edficas sobre<strong> como usar a eletroestimula\u00e7\u00e3o para os seus objetivos pessoais<\/strong> (desportivos, est\u00e9ticos ou, em muitos casos, para o tratamento de les\u00f5es ou dores).<\/p>\n<p>Atrav\u00e9s destes <strong>cursos online de curta dura\u00e7\u00e3o sobre eletroestimula\u00e7\u00e3o muscular, pressoterapia, etc.,<\/strong> pretendemos oferecer-lhe estas &#8220;p\u00edlulas informativas&#8221; que, sem d\u00favida, o ajudar\u00e3o no seu dia a dia.<\/p>\n<p>S\u00e3o, em suma, cursos pr\u00e1ticos e monogr\u00e1ficos para fornecer recursos concretos para quest\u00f5es concretas.<\/p>\n<p>Ajudamo-lo a tirar o m\u00e1ximo partido do seu <strong>eletroestimulador.<\/strong> Muitas pessoas adquirem um <strong>Compex<\/strong> e depois t\u00eam muitas perguntas que, quando n\u00e3o s\u00e3o devidamente respondidas, levam \u00e0 frustra\u00e7\u00e3o. Bem, aqui estamos n\u00f3s para o ajudar.<\/p>\n\n\t\t<\/div>\n\t<\/div>\n\t\n\t<div id=\"accordion-632084603\" class=\"accordion-item\">\n\t\t<a id=\"accordion-632084603-label\" class=\"accordion-title plain\" href=\"#accordion-item-por-que-os-profissionais-devem-se-formar-na-aplica\u00e7\u00e3o-tecnol\u00f3gica-ao-desempenho-esportivo?\" aria-expanded=\"false\" aria-controls=\"accordion-632084603-content\">\n\t\t\t<button class=\"toggle\" aria-label=\"Toggle\"><i class=\"icon-angle-down\" aria-hidden=\"true\"><\/i><\/button>\n\t\t\t<span>Por que os profissionais devem se formar na aplica\u00e7\u00e3o tecnol\u00f3gica ao desempenho esportivo?<\/span>\n\t\t<\/a>\n\t\t<div id=\"accordion-632084603-content\" class=\"accordion-inner\" aria-labelledby=\"accordion-632084603-label\">\n\t\t\t\n\n<p>J\u00e1 sabemos que a eletroestimula\u00e7\u00e3o muscular \u00e9 uma ferramenta verdadeiramente poderosa \u00e0 disposi\u00e7\u00e3o dos profissionais, mas usada sem conhecimento nos exp\u00f5e a riscos, alguns deles graves. Portanto, \u00e9 uma quest\u00e3o de \u00e9tica profissional, de respeito ao paciente e \u00e0 pr\u00f3pria profiss\u00e3o, fornecer servi\u00e7os aos nossos clientes e pacientes de maneira segura, em primeiro lugar, e adaptada \u00e0s necessidades de cada indiv\u00edduo, em segundo lugar.<\/p>\n\n\t\t<\/div>\n\t<\/div>\n\t\n\t<div id=\"accordion-2703489464\" class=\"accordion-item\">\n\t\t<a id=\"accordion-2703489464-label\" class=\"accordion-title plain\" href=\"#accordion-item-existem-exames-em-cada-forma\u00e7\u00e3o?\" aria-expanded=\"false\" aria-controls=\"accordion-2703489464-content\">\n\t\t\t<button class=\"toggle\" aria-label=\"Toggle\"><i class=\"icon-angle-down\" aria-hidden=\"true\"><\/i><\/button>\n\t\t\t<span>Existem exames em cada forma\u00e7\u00e3o?<\/span>\n\t\t<\/a>\n\t\t<div id=\"accordion-2703489464-content\" class=\"accordion-inner\" aria-labelledby=\"accordion-2703489464-label\">\n\t\t\t\n\n<p>S\u00ed, nos cursos destinados a profissionais. \u00c9 importante n\u00e3o apenas certificar a participa\u00e7\u00e3o, mas tamb\u00e9m a <strong>aquisi\u00e7\u00e3o de conhecimentos te\u00f3rico-pr\u00e1ticos<\/strong> que ofere\u00e7am garantias de aproveitamento da forma\u00e7\u00e3o em quest\u00e3o. Portanto, a avalia\u00e7\u00e3o ser\u00e1 realizada tanto por meio de testes de m\u00faltipla escolha ou respostas curtas quanto pelo desenvolvimento de casos ou situa\u00e7\u00f5es pr\u00e1ticas de forma mais elaborada.<\/p>\n<p>Nas forma\u00e7\u00f5es, geralmente de curta dura\u00e7\u00e3o, oferecidas a usu\u00e1rios, a realiza\u00e7\u00e3o de um exame final do tipo teste \u00e9 opcional. \u00c9 uma quest\u00e3o de autoavalia\u00e7\u00e3o, de se testar, \u00e9 uma ambi\u00e7\u00e3o pessoal, na qual voc\u00ea sempre poder\u00e1 contar com o <a href=\"https:\/\/myox.fit\/juan-peris\/\"><strong>professor Juan Peris<\/strong> <\/a>para ajudar, resolver erros ou d\u00favidas, para que voc\u00ea realmente sinta satisfa\u00e7\u00e3o com a forma\u00e7\u00e3o.<\/p>\n<p>\u00a0<\/p>\n\n\t\t<\/div>\n\t<\/div>\n\t\n\t<div id=\"accordion-1920593131\" class=\"accordion-item\">\n\t\t<a id=\"accordion-1920593131-label\" class=\"accordion-title plain\" href=\"#accordion-item-existe-um-limite-de-tempo-para-acessar-os-recursos-de-forma\u00e7\u00e3o?\" aria-expanded=\"false\" aria-controls=\"accordion-1920593131-content\">\n\t\t\t<button class=\"toggle\" aria-label=\"Toggle\"><i class=\"icon-angle-down\" aria-hidden=\"true\"><\/i><\/button>\n\t\t\t<span>Existe um limite de tempo para acessar os recursos de forma\u00e7\u00e3o?<\/span>\n\t\t<\/a>\n\t\t<div id=\"accordion-1920593131-content\" class=\"accordion-inner\" aria-labelledby=\"accordion-1920593131-label\">\n\t\t\t\n\n<p>Nossos alunos t\u00eam 4 meses (por curso) de acesso \u00e0 sua<strong> \u00e1rea pessoal de aluno no aplicativo Myox<\/strong>, a todos os conte\u00fados e recursos did\u00e1ticos da forma\u00e7\u00e3o online.<\/p>\n<p>Quando no per\u00edodo determinado, os objetivos n\u00e3o puderem ser cumpridos, nossos alunos solicitam a extens\u00e3o dos prazos de acesso.<\/p>\n\n\t\t<\/div>\n\t<\/div>\n\t\n\t<div id=\"accordion-3385910642\" class=\"accordion-item\">\n\t\t<a id=\"accordion-3385910642-label\" class=\"accordion-title plain\" href=\"#accordion-item-os-cursos-t\u00eam-certificado?\" aria-expanded=\"false\" aria-controls=\"accordion-3385910642-content\">\n\t\t\t<button class=\"toggle\" aria-label=\"Toggle\"><i class=\"icon-angle-down\" aria-hidden=\"true\"><\/i><\/button>\n\t\t\t<span>Os cursos t\u00eam certificado?<\/span>\n\t\t<\/a>\n\t\t<div id=\"accordion-3385910642-content\" class=\"accordion-inner\" aria-labelledby=\"accordion-3385910642-label\">\n\t\t\t\n\n<p>\u00c9 uma Certifica\u00e7\u00e3o de natureza privada.<\/p>\n<p>Forma\u00e7\u00e3o n\u00e3o regulamentada (cont\u00ednua e ocupacional), conforme estabelecido na Lei 5\/2002 de qualifica\u00e7\u00f5es e forma\u00e7\u00e3o profissional.<\/p>\n\n\t\t<\/div>\n\t<\/div>\n\t\n\t<div id=\"accordion-1906942119\" class=\"accordion-item\">\n\t\t<a id=\"accordion-1906942119-label\" class=\"accordion-title plain\" href=\"#accordion-item-onde-s\u00e3o-realizados-os-cursos-presenciais-e-quais-s\u00e3o-as-suas-caracter\u00edsticas?\" aria-expanded=\"false\" aria-controls=\"accordion-1906942119-content\">\n\t\t\t<button class=\"toggle\" aria-label=\"Toggle\"><i class=\"icon-angle-down\" aria-hidden=\"true\"><\/i><\/button>\n\t\t\t<span>Onde s\u00e3o realizados os cursos presenciais e quais s\u00e3o as suas caracter\u00edsticas?<\/span>\n\t\t<\/a>\n\t\t<div id=\"accordion-1906942119-content\" class=\"accordion-inner\" aria-labelledby=\"accordion-1906942119-label\">\n\t\t\t\n\n<p>Anualmente convocamos <strong>forma\u00e7\u00f5es presenciais<\/strong> nas cidades de<strong> Val\u00eancia, La Nuc\u00eda (Alicante) ou Madrid<\/strong>. Embora tamb\u00e9m realizemos convoca\u00e7\u00f5es em Sevilha, Barcelona, Bilbau, Tenerife e outras cidades de refer\u00eancia em todo o territ\u00f3rio nacional. Se atualmente n\u00e3o tivermos convoca\u00e7\u00e3o em sua cidade, voc\u00ea mesmo pode prop\u00f4-la.<\/p>\n<p>A n\u00edvel internacional, oferecemos cursos e congressos presenciais em <strong>Portugal e Brasil (Bras\u00edlia e S\u00e3o Paulo).<\/strong> Estudamos propostas para o M\u00e9xico, Argentina, Guatemala e outros pa\u00edses.<\/p>\n<p>Os cursos presenciais t\u00eam um foco muito pr\u00e1tico e din\u00e2mico, visando proporcionar o m\u00e1ximo benef\u00edcio aos participantes, muitos dos quais s\u00e3o pr\u00e9-formados em nosso<strong> Instituto Myox<\/strong> por meio de nossos <a href=\"https:\/\/myox.fit\/app\/\"><strong>cursos online no aplicativo.<\/strong><\/a><\/p>\n<p>Interessa-se por alguma de nossas <strong>convoca\u00e7\u00f5es presenciais nacionais ou internacionais<\/strong>? Ou gostaria de ser um colaborador e propor uma convoca\u00e7\u00e3o em seu pa\u00eds ou cidade? N\u00e3o hesite em entrar em <a href=\"https:\/\/myox.fit\/contacto\/\"><strong>contato conosco<\/strong><\/a>. Adoramos o que fazemos!<\/p>\n\n\t\t<\/div>\n\t<\/div>\n\t\n\t<div id=\"accordion-3155447612\" class=\"accordion-item\">\n\t\t<a id=\"accordion-3155447612-label\" class=\"accordion-title plain\" href=\"#accordion-item-myox-institute-oferece-suporte-de-um-tutor-acad\u00eamico?\" aria-expanded=\"false\" aria-controls=\"accordion-3155447612-content\">\n\t\t\t<button class=\"toggle\" aria-label=\"Toggle\"><i class=\"icon-angle-down\" aria-hidden=\"true\"><\/i><\/button>\n\t\t\t<span>Myox Institute oferece suporte de um Tutor Acad\u00eamico?<\/span>\n\t\t<\/a>\n\t\t<div id=\"accordion-3155447612-content\" class=\"accordion-inner\" aria-labelledby=\"accordion-3155447612-label\">\n\t\t\t\n\n<p>\u00a1S\u00ed!, \u00a1por supuesto que s\u00ed!. Mi nombre es <a href=\"https:\/\/myox.fit\/juan-peris\/\"><strong>Juan Peris<\/strong><\/a>, y no concibo una formaci\u00f3n sin que el trato profesor-alumno sea cercano, emp\u00e1tico y adaptado. As\u00ed que s\u00ed, claro que s\u00ed. <strong>La cercan\u00eda es la esencia de nuestro trabajo.<\/strong><\/p>\n<p>En todos nuestros <strong>cursos online sobre electroestimulaci\u00f3n<\/strong> y otras tem\u00e1ticas, encontrar\u00e1s foros, chat de grupo e individual con el profesor. Adem\u00e1s de las tutor\u00edas individuales por video-llamada que realizaremos para resoluci\u00f3n de dudas, aplicaci\u00f3n de los contenidos, resoluci\u00f3n de casos pr\u00e1cticos y revisi\u00f3n de los ex\u00e1menes.<\/p>\n<p>No lo dudes, \u00a1f\u00f3rmate con el <strong>Instituto Myox<\/strong> y disfruta aprendiendo!<\/p>\n\n\t\t<\/div>\n\t<\/div>\n\t\n\n<\/div>\n\n\t\t<\/div>\n\t\t\t\t\t<\/div>\n\n\t\n\n\n<style>\n#row-2045605308 > .col > .col-inner {\n  background-color: rgb(228, 228, 228);\n}\n<\/style>\n<\/div>\n\n\t\t<\/div>\n\t\t\t\t\t<\/div>\n\n\t\n\n\n<style>\n#row-863210425 > .col > .col-inner {\n  background-color: rgb(228, 228, 228);\n}\n<\/style>\n<\/div>\n\n","protected":false},"excerpt":{"rendered":"","protected":false},"author":10,"featured_media":0,"parent":0,"menu_order":0,"comment_status":"closed","ping_status":"closed","template":"page-blank.php","meta":{"_acf_changed":false,"footnotes":""},"class_list":["post-35297","page","type-page","status-publish","hentry"],"acf":[],"yoast_head":"<!-- This site is optimized with the Yoast SEO plugin v27.4 - https:\/\/yoast.com\/product\/yoast-seo-wordpress\/ -->\n<title>Cursos de Eletroestimula\u00e7\u00e3o Muscular com Juan Peris | Myox \ud83c\uddea\ud83c\udde6<\/title>\n<meta name=\"description\" content=\"Cursos online de especializa\u00e7\u00e3o em treinamento e reabilita\u00e7\u00e3o com eletroestimula\u00e7\u00e3o. Para treinadores, fisioterapeutas, esteticistas, ...\" \/>\n<meta name=\"robots\" content=\"index, follow, max-snippet:-1, max-image-preview:large, max-video-preview:-1\" \/>\n<link rel=\"canonical\" href=\"https:\/\/myox.fit\/pt\/instituto-formacao\/\" \/>\n<meta property=\"og:locale\" content=\"pt_PT\" \/>\n<meta property=\"og:type\" content=\"article\" \/>\n<meta property=\"og:title\" content=\"Cursos de Eletroestimula\u00e7\u00e3o Muscular com Juan Peris | Myox \ud83c\uddea\ud83c\udde6\" \/>\n<meta property=\"og:description\" content=\"Cursos online de especializa\u00e7\u00e3o em treinamento e reabilita\u00e7\u00e3o com eletroestimula\u00e7\u00e3o. Para treinadores, fisioterapeutas, esteticistas, ...\" \/>\n<meta property=\"og:url\" content=\"https:\/\/myox.fit\/pt\/instituto-formacao\/\" \/>\n<meta property=\"og:site_name\" content=\"Myox.fit \u00ae\" \/>\n<meta property=\"article:publisher\" content=\"https:\/\/www.facebook.com\/Myox.fit\/\" \/>\n<meta property=\"article:modified_time\" content=\"2023-12-23T16:17:40+00:00\" \/>\n<meta name=\"twitter:card\" content=\"summary_large_image\" \/>\n<meta name=\"twitter:label1\" content=\"Tempo estimado de leitura\" \/>\n\t<meta name=\"twitter:data1\" content=\"14 minutos\" \/>\n<script type=\"application\/ld+json\" class=\"yoast-schema-graph\">{\"@context\":\"https:\\\/\\\/schema.org\",\"@graph\":[{\"@type\":\"WebPage\",\"@id\":\"https:\\\/\\\/myox.fit\\\/pt\\\/instituto-formacao\\\/\",\"url\":\"https:\\\/\\\/myox.fit\\\/pt\\\/instituto-formacao\\\/\",\"name\":\"Cursos de Eletroestimula\u00e7\u00e3o Muscular com Juan Peris | Myox \ud83c\uddea\ud83c\udde6\",\"isPartOf\":{\"@id\":\"https:\\\/\\\/myox.fit\\\/pt\\\/#website\"},\"datePublished\":\"2022-02-15T09:28:16+00:00\",\"dateModified\":\"2023-12-23T16:17:40+00:00\",\"description\":\"Cursos online de especializa\u00e7\u00e3o em treinamento e reabilita\u00e7\u00e3o com eletroestimula\u00e7\u00e3o. Para treinadores, fisioterapeutas, esteticistas, ...\",\"breadcrumb\":{\"@id\":\"https:\\\/\\\/myox.fit\\\/pt\\\/instituto-formacao\\\/#breadcrumb\"},\"inLanguage\":\"pt-PT\",\"potentialAction\":[{\"@type\":\"ReadAction\",\"target\":[\"https:\\\/\\\/myox.fit\\\/pt\\\/instituto-formacao\\\/\"]}]},{\"@type\":\"BreadcrumbList\",\"@id\":\"https:\\\/\\\/myox.fit\\\/pt\\\/instituto-formacao\\\/#breadcrumb\",\"itemListElement\":[{\"@type\":\"ListItem\",\"position\":1,\"name\":\"Portada\",\"item\":\"https:\\\/\\\/myox.fit\\\/pt\\\/\"},{\"@type\":\"ListItem\",\"position\":2,\"name\":\"Instituto Myox\"}]},{\"@type\":\"WebSite\",\"@id\":\"https:\\\/\\\/myox.fit\\\/pt\\\/#website\",\"url\":\"https:\\\/\\\/myox.fit\\\/pt\\\/\",\"name\":\"Myox.fit \u00ae\",\"description\":\"Entrenamiento Personal y Fisioterapia en la Nuc\u00eda y online con App Myox | Cursos de electroestimulaci\u00f3n muscular | Tienda online: Compex, Chattanooga, Vitobest,...\",\"publisher\":{\"@id\":\"https:\\\/\\\/myox.fit\\\/pt\\\/#organization\"},\"potentialAction\":[{\"@type\":\"SearchAction\",\"target\":{\"@type\":\"EntryPoint\",\"urlTemplate\":\"https:\\\/\\\/myox.fit\\\/pt\\\/?s={search_term_string}\"},\"query-input\":{\"@type\":\"PropertyValueSpecification\",\"valueRequired\":true,\"valueName\":\"search_term_string\"}}],\"inLanguage\":\"pt-PT\"},{\"@type\":\"Organization\",\"@id\":\"https:\\\/\\\/myox.fit\\\/pt\\\/#organization\",\"name\":\"Myox\",\"url\":\"https:\\\/\\\/myox.fit\\\/pt\\\/\",\"logo\":{\"@type\":\"ImageObject\",\"inLanguage\":\"pt-PT\",\"@id\":\"https:\\\/\\\/myox.fit\\\/pt\\\/#\\\/schema\\\/logo\\\/image\\\/\",\"url\":\"https:\\\/\\\/myox.fit\\\/wp-content\\\/uploads\\\/2020\\\/01\\\/myox.mediano.png\",\"contentUrl\":\"https:\\\/\\\/myox.fit\\\/wp-content\\\/uploads\\\/2020\\\/01\\\/myox.mediano.png\",\"width\":351,\"height\":118,\"caption\":\"Myox\"},\"image\":{\"@id\":\"https:\\\/\\\/myox.fit\\\/pt\\\/#\\\/schema\\\/logo\\\/image\\\/\"},\"sameAs\":[\"https:\\\/\\\/www.facebook.com\\\/Myox.fit\\\/\",\"https:\\\/\\\/www.instagram.com\\\/myox.fit\\\/\",\"https:\\\/\\\/www.linkedin.com\\\/in\\\/juanperis\\\/\",\"https:\\\/\\\/www.youtube.com\\\/MyoxFit\"]}]}<\/script>\n<!-- \/ Yoast SEO plugin. -->","yoast_head_json":{"title":"Cursos de Eletroestimula\u00e7\u00e3o Muscular com Juan Peris | Myox \ud83c\uddea\ud83c\udde6","description":"Cursos online de especializa\u00e7\u00e3o em treinamento e reabilita\u00e7\u00e3o com eletroestimula\u00e7\u00e3o. Para treinadores, fisioterapeutas, esteticistas, ...","robots":{"index":"index","follow":"follow","max-snippet":"max-snippet:-1","max-image-preview":"max-image-preview:large","max-video-preview":"max-video-preview:-1"},"canonical":"https:\/\/myox.fit\/pt\/instituto-formacao\/","og_locale":"pt_PT","og_type":"article","og_title":"Cursos de Eletroestimula\u00e7\u00e3o Muscular com Juan Peris | Myox \ud83c\uddea\ud83c\udde6","og_description":"Cursos online de especializa\u00e7\u00e3o em treinamento e reabilita\u00e7\u00e3o com eletroestimula\u00e7\u00e3o. Para treinadores, fisioterapeutas, esteticistas, ...","og_url":"https:\/\/myox.fit\/pt\/instituto-formacao\/","og_site_name":"Myox.fit \u00ae","article_publisher":"https:\/\/www.facebook.com\/Myox.fit\/","article_modified_time":"2023-12-23T16:17:40+00:00","twitter_card":"summary_large_image","twitter_misc":{"Tempo estimado de leitura":"14 minutos"},"schema":{"@context":"https:\/\/schema.org","@graph":[{"@type":"WebPage","@id":"https:\/\/myox.fit\/pt\/instituto-formacao\/","url":"https:\/\/myox.fit\/pt\/instituto-formacao\/","name":"Cursos de Eletroestimula\u00e7\u00e3o Muscular com Juan Peris | Myox \ud83c\uddea\ud83c\udde6","isPartOf":{"@id":"https:\/\/myox.fit\/pt\/#website"},"datePublished":"2022-02-15T09:28:16+00:00","dateModified":"2023-12-23T16:17:40+00:00","description":"Cursos online de especializa\u00e7\u00e3o em treinamento e reabilita\u00e7\u00e3o com eletroestimula\u00e7\u00e3o. Para treinadores, fisioterapeutas, esteticistas, ...","breadcrumb":{"@id":"https:\/\/myox.fit\/pt\/instituto-formacao\/#breadcrumb"},"inLanguage":"pt-PT","potentialAction":[{"@type":"ReadAction","target":["https:\/\/myox.fit\/pt\/instituto-formacao\/"]}]},{"@type":"BreadcrumbList","@id":"https:\/\/myox.fit\/pt\/instituto-formacao\/#breadcrumb","itemListElement":[{"@type":"ListItem","position":1,"name":"Portada","item":"https:\/\/myox.fit\/pt\/"},{"@type":"ListItem","position":2,"name":"Instituto Myox"}]},{"@type":"WebSite","@id":"https:\/\/myox.fit\/pt\/#website","url":"https:\/\/myox.fit\/pt\/","name":"Myox.fit \u00ae","description":"Entrenamiento Personal y Fisioterapia en la Nuc\u00eda y online con App Myox | Cursos de electroestimulaci\u00f3n muscular | Tienda online: Compex, Chattanooga, Vitobest,...","publisher":{"@id":"https:\/\/myox.fit\/pt\/#organization"},"potentialAction":[{"@type":"SearchAction","target":{"@type":"EntryPoint","urlTemplate":"https:\/\/myox.fit\/pt\/?s={search_term_string}"},"query-input":{"@type":"PropertyValueSpecification","valueRequired":true,"valueName":"search_term_string"}}],"inLanguage":"pt-PT"},{"@type":"Organization","@id":"https:\/\/myox.fit\/pt\/#organization","name":"Myox","url":"https:\/\/myox.fit\/pt\/","logo":{"@type":"ImageObject","inLanguage":"pt-PT","@id":"https:\/\/myox.fit\/pt\/#\/schema\/logo\/image\/","url":"https:\/\/myox.fit\/wp-content\/uploads\/2020\/01\/myox.mediano.png","contentUrl":"https:\/\/myox.fit\/wp-content\/uploads\/2020\/01\/myox.mediano.png","width":351,"height":118,"caption":"Myox"},"image":{"@id":"https:\/\/myox.fit\/pt\/#\/schema\/logo\/image\/"},"sameAs":["https:\/\/www.facebook.com\/Myox.fit\/","https:\/\/www.instagram.com\/myox.fit\/","https:\/\/www.linkedin.com\/in\/juanperis\/","https:\/\/www.youtube.com\/MyoxFit"]}]}},"_links":{"self":[{"href":"https:\/\/myox.fit\/pt\/wp-json\/wp\/v2\/pages\/35297","targetHints":{"allow":["GET"]}}],"collection":[{"href":"https:\/\/myox.fit\/pt\/wp-json\/wp\/v2\/pages"}],"about":[{"href":"https:\/\/myox.fit\/pt\/wp-json\/wp\/v2\/types\/page"}],"author":[{"embeddable":true,"href":"https:\/\/myox.fit\/pt\/wp-json\/wp\/v2\/users\/10"}],"replies":[{"embeddable":true,"href":"https:\/\/myox.fit\/pt\/wp-json\/wp\/v2\/comments?post=35297"}],"version-history":[{"count":0,"href":"https:\/\/myox.fit\/pt\/wp-json\/wp\/v2\/pages\/35297\/revisions"}],"wp:attachment":[{"href":"https:\/\/myox.fit\/pt\/wp-json\/wp\/v2\/media?parent=35297"}],"curies":[{"name":"wp","href":"https:\/\/api.w.org\/{rel}","templated":true}]}}